{"id":2051,"date":"2024-11-18T13:44:15","date_gmt":"2024-11-18T13:44:15","guid":{"rendered":"https:\/\/mobil.icone-interactive.fr\/?page_id=1973"},"modified":"2024-12-17T10:56:39","modified_gmt":"2024-12-17T10:56:39","slug":"rejoignez-notre-reseau-dagence","status":"publish","type":"page","link":"https:\/\/www.mobil-interim.fr\/index.php\/rejoignez-notre-reseau-dagence\/","title":{"rendered":"Rejoignez notre r\u00e9seau d&rsquo;agence"},"content":{"rendered":"\t\t<div data-elementor-type=\"wp-page\" data-elementor-id=\"2051\" class=\"elementor elementor-2051\" data-elementor-post-type=\"page\">\n\t\t\t\t\t\t<section class=\"elementor-section elementor-top-section elementor-element elementor-element-b3970a2 elementor-section-height-min-height elementor-section-boxed elementor-section-height-default elementor-section-items-middle\" data-id=\"b3970a2\" data-element_type=\"section\" data-e-type=\"section\" data-settings=\"{&quot;background_background&quot;:&quot;classic&quot;}\">\n\t\t\t\t\t\t\t<div class=\"elementor-background-overlay\"><\/div>\n\t\t\t\t\t\t\t<div class=\"elementor-container elementor-column-gap-default\">\n\t\t\t\t\t<div class=\"elementor-column elementor-col-100 elementor-top-column elementor-element elementor-element-5b7b7c8\" data-id=\"5b7b7c8\" data-element_type=\"column\" data-e-type=\"column\">\n\t\t\t<div class=\"elementor-widget-wrap elementor-element-populated\">\n\t\t\t\t\t\t<div class=\"elementor-element elementor-element-b501f6b elementor-widget elementor-widget-heading\" data-id=\"b501f6b\" data-element_type=\"widget\" data-e-type=\"widget\" data-widget_type=\"heading.default\">\n\t\t\t\t<div class=\"elementor-widget-container\">\n\t\t\t\t\t<h1 class=\"elementor-heading-title elementor-size-default\">Rejoignez notre r\u00e9seau d'agence<\/h1>\t\t\t\t<\/div>\n\t\t\t\t<\/div>\n\t\t\t\t<div class=\"elementor-element elementor-element-196672c elementor-widget elementor-widget-breadcrumbs\" data-id=\"196672c\" data-element_type=\"widget\" data-e-type=\"widget\" data-widget_type=\"breadcrumbs.default\">\n\t\t\t\t<div class=\"elementor-widget-container\">\n\t\t\t\t\t<p id=\"breadcrumbs\"><span><span><a href=\"https:\/\/www.mobil-interim.fr\/\">Accueil<\/a><\/span><\/span><\/p>\t\t\t\t<\/div>\n\t\t\t\t<\/div>\n\t\t\t\t\t<\/div>\n\t\t<\/div>\n\t\t\t\t\t<\/div>\n\t\t<\/section>\n\t\t<div class=\"elementor-element elementor-element-214cda6 e-flex e-con-boxed e-con e-parent\" data-id=\"214cda6\" data-element_type=\"container\" data-e-type=\"container\">\n\t\t\t\t\t<div class=\"e-con-inner\">\n\t\t<div class=\"elementor-element elementor-element-0f004d8 e-con-full e-flex e-con e-child\" data-id=\"0f004d8\" data-element_type=\"container\" data-e-type=\"container\">\n\t\t<div class=\"elementor-element elementor-element-b9aa49b e-con-full e-flex e-con e-child\" data-id=\"b9aa49b\" data-element_type=\"container\" data-e-type=\"container\">\n\t\t<div class=\"elementor-element elementor-element-d0e2e30 e-con-full e-flex e-con e-child\" data-id=\"d0e2e30\" data-element_type=\"container\" data-e-type=\"container\">\n\t\t\t\t<div class=\"elementor-element elementor-element-848f05a elementor-widget elementor-widget-elementskit-heading\" data-id=\"848f05a\" data-element_type=\"widget\" data-e-type=\"widget\" data-widget_type=\"elementskit-heading.default\">\n\t\t\t\t<div class=\"elementor-widget-container\">\n\t\t\t\t\t<div class=\"ekit-wid-con\" ><div class=\"ekit-heading elementskit-section-title-wraper text_left   ekit_heading_tablet-   ekit_heading_mobile-\"><h2 class=\"ekit-heading--title elementskit-section-title \">Rejoignez notre <span><span>r\u00e9seau d'agence<\/span><\/span><\/h2><\/div><\/div>\t\t\t\t<\/div>\n\t\t\t\t<\/div>\n\t\t<div class=\"elementor-element elementor-element-f342ff9 e-con-full e-flex e-con e-child\" data-id=\"f342ff9\" data-element_type=\"container\" data-e-type=\"container\">\n\t\t\t\t<div class=\"elementor-element elementor-element-5e0e5a7 elementor-widget elementor-widget-text-editor\" data-id=\"5e0e5a7\" data-element_type=\"widget\" data-e-type=\"widget\" data-widget_type=\"text-editor.default\">\n\t\t\t\t<div class=\"elementor-widget-container\">\n\t\t\t\t\t\t\t\t\t<p>A l\u2019\u00e9coute des candidats et des entreprises, nous sommes des sp\u00e9cialistes du travail temporaire et du recrutement.<\/p><p>Grace \u00e0 notre concept novateur d\u2019agence mobile, nous sommes au plus pr\u00e8s de nos clients, de nos collaborateurs int\u00e9rimaires et des partenaires de l\u2019emploi.<\/p>\t\t\t\t\t\t\t\t<\/div>\n\t\t\t\t<\/div>\n\t\t\t\t<div class=\"elementor-element elementor-element-5ade51f elementor-widget elementor-widget-text-editor\" data-id=\"5ade51f\" data-element_type=\"widget\" data-e-type=\"widget\" data-widget_type=\"text-editor.default\">\n\t\t\t\t<div class=\"elementor-widget-container\">\n\t\t\t\t\t\t\t\t\t<p>Mobil\u2019interim l\u2019agence <span class=\"important\">num\u00e9ro 1 de la <strong>proximit\u00e9<\/strong><\/span>, propose une offre sur mesure et innovante afin de :<\/p>\t\t\t\t\t\t\t\t<\/div>\n\t\t\t\t<\/div>\n\t\t\t\t<div class=\"elementor-element elementor-element-3fe22f9 elementor-icon-list--layout-traditional elementor-list-item-link-full_width elementor-widget elementor-widget-icon-list\" data-id=\"3fe22f9\" data-element_type=\"widget\" data-e-type=\"widget\" data-widget_type=\"icon-list.default\">\n\t\t\t\t<div class=\"elementor-widget-container\">\n\t\t\t\t\t\t\t<ul class=\"elementor-icon-list-items\">\n\t\t\t\t\t\t\t<li class=\"elementor-icon-list-item\">\n\t\t\t\t\t\t\t\t\t\t\t<span class=\"elementor-icon-list-icon\">\n\t\t\t\t\t\t\t<svg aria-hidden=\"true\" class=\"e-font-icon-svg e-fas-star\" viewBox=\"0 0 576 512\" xmlns=\"http:\/\/www.w3.org\/2000\/svg\"><path d=\"M259.3 17.8L194 150.2 47.9 171.5c-26.2 3.8-36.7 36.1-17.7 54.6l105.7 103-25 145.5c-4.5 26.3 23.2 46 46.4 33.7L288 439.6l130.7 68.7c23.2 12.2 50.9-7.4 46.4-33.7l-25-145.5 105.7-103c19-18.5 8.5-50.8-17.7-54.6L382 150.2 316.7 17.8c-11.7-23.6-45.6-23.9-57.4 0z\"><\/path><\/svg>\t\t\t\t\t\t<\/span>\n\t\t\t\t\t\t\t\t\t\t<span class=\"elementor-icon-list-text\"><strong>D\u00e9velopper l\u2019employabilit\u00e9 des talents <\/strong> en leur proposant un parcours et des offres adapt\u00e9es \u00e0 leurs comp\u00e9tences et aspirations<\/span>\n\t\t\t\t\t\t\t\t\t<\/li>\n\t\t\t\t\t\t\t\t<li class=\"elementor-icon-list-item\">\n\t\t\t\t\t\t\t\t\t\t\t<span class=\"elementor-icon-list-icon\">\n\t\t\t\t\t\t\t<svg aria-hidden=\"true\" class=\"e-font-icon-svg e-fas-star\" viewBox=\"0 0 576 512\" xmlns=\"http:\/\/www.w3.org\/2000\/svg\"><path d=\"M259.3 17.8L194 150.2 47.9 171.5c-26.2 3.8-36.7 36.1-17.7 54.6l105.7 103-25 145.5c-4.5 26.3 23.2 46 46.4 33.7L288 439.6l130.7 68.7c23.2 12.2 50.9-7.4 46.4-33.7l-25-145.5 105.7-103c19-18.5 8.5-50.8-17.7-54.6L382 150.2 316.7 17.8c-11.7-23.6-45.6-23.9-57.4 0z\"><\/path><\/svg>\t\t\t\t\t\t<\/span>\n\t\t\t\t\t\t\t\t\t\t<span class=\"elementor-icon-list-text\"><strong>Contribuer \u00e0 l\u2019agilit\u00e9 et au d\u00e9veloppement des entreprises<\/strong> en r\u00e9pondant \u00e0 leurs urgences et besoins en comp\u00e9tences m\u00e9tiers<\/span>\n\t\t\t\t\t\t\t\t\t<\/li>\n\t\t\t\t\t\t<\/ul>\n\t\t\t\t\t\t<\/div>\n\t\t\t\t<\/div>\n\t\t\t\t<div class=\"elementor-element elementor-element-1d47b94 elementor-widget elementor-widget-text-editor\" data-id=\"1d47b94\" data-element_type=\"widget\" data-e-type=\"widget\" data-widget_type=\"text-editor.default\">\n\t\t\t\t<div class=\"elementor-widget-container\">\n\t\t\t\t\t\t\t\t\t<p>Envie de vous lancer ! Rejoignez notre r\u00e9seau d\u2019agences !<\/p>\t\t\t\t\t\t\t\t<\/div>\n\t\t\t\t<\/div>\n\t\t\t\t<\/div>\n\t\t\t\t<\/div>\n\t\t<div class=\"elementor-element elementor-element-71c1203 e-con-full e-flex e-con e-child\" data-id=\"71c1203\" data-element_type=\"container\" data-e-type=\"container\" data-settings=\"{&quot;background_background&quot;:&quot;classic&quot;}\">\n\t\t\t\t<\/div>\n\t\t\t\t<\/div>\n\t\t\t\t<\/div>\n\t\t\t\t\t<\/div>\n\t\t\t\t<\/div>\n\t\t\t\t<\/div>\n\t\t","protected":false},"excerpt":{"rendered":"<p>Rejoignez notre r\u00e9seau d&rsquo;agence Rejoignez notre r\u00e9seau d&rsquo;agence A l\u2019\u00e9coute des candidats et des entreprises, nous sommes des sp\u00e9cialistes du travail temporaire et du recrutement. Grace \u00e0 notre concept novateur d\u2019agence mobile, nous sommes au plus pr\u00e8s de nos clients, de nos collaborateurs int\u00e9rimaires et des partenaires de l\u2019emploi. Mobil\u2019interim l\u2019agence num\u00e9ro 1 de la [&hellip;]<\/p>\n","protected":false},"author":1,"featured_media":0,"parent":0,"menu_order":0,"comment_status":"closed","ping_status":"closed","template":"","meta":{"_acf_changed":false,"footnotes":""},"class_list":["post-2051","page","type-page","status-publish","hentry"],"acf":[],"yoast_head":"<!-- This site is optimized with the Yoast SEO plugin v27.5 - https:\/\/yoast.com\/product\/yoast-seo-wordpress\/ -->\n<title>Rejoignez notre r\u00e9seau d&#039;agence - Mobil&#039;Interim<\/title>\n<meta name=\"robots\" content=\"index, follow, max-snippet:-1, max-image-preview:large, max-video-preview:-1\" \/>\n<link rel=\"canonical\" href=\"https:\/\/www.mobil-interim.fr\/index.php\/rejoignez-notre-reseau-dagence\/\" \/>\n<meta property=\"og:locale\" content=\"fr_FR\" \/>\n<meta property=\"og:type\" content=\"article\" \/>\n<meta property=\"og:title\" content=\"Rejoignez notre r\u00e9seau d&#039;agence - Mobil&#039;Interim\" \/>\n<meta property=\"og:description\" content=\"Rejoignez notre r\u00e9seau d&rsquo;agence Rejoignez notre r\u00e9seau d&rsquo;agence A l\u2019\u00e9coute des candidats et des entreprises, nous sommes des sp\u00e9cialistes du travail temporaire et du recrutement. Grace \u00e0 notre concept novateur d\u2019agence mobile, nous sommes au plus pr\u00e8s de nos clients, de nos collaborateurs int\u00e9rimaires et des partenaires de l\u2019emploi. Mobil\u2019interim l\u2019agence num\u00e9ro 1 de la [&hellip;]\" \/>\n<meta property=\"og:url\" content=\"https:\/\/www.mobil-interim.fr\/index.php\/rejoignez-notre-reseau-dagence\/\" \/>\n<meta property=\"og:site_name\" content=\"Mobil&#039;Interim\" \/>\n<meta property=\"article:modified_time\" content=\"2024-12-17T10:56:39+00:00\" \/>\n<meta name=\"twitter:card\" content=\"summary_large_image\" \/>\n<meta name=\"twitter:label1\" content=\"Dur\u00e9e de lecture estim\u00e9e\" \/>\n\t<meta name=\"twitter:data1\" content=\"1 minute\" \/>\n<script type=\"application\/ld+json\" class=\"yoast-schema-graph\">{\"@context\":\"https:\\\/\\\/schema.org\",\"@graph\":[{\"@type\":\"WebPage\",\"@id\":\"https:\\\/\\\/www.mobil-interim.fr\\\/index.php\\\/rejoignez-notre-reseau-dagence\\\/\",\"url\":\"https:\\\/\\\/www.mobil-interim.fr\\\/index.php\\\/rejoignez-notre-reseau-dagence\\\/\",\"name\":\"Rejoignez notre r\u00e9seau d'agence - Mobil&#039;Interim\",\"isPartOf\":{\"@id\":\"https:\\\/\\\/www.mobil-interim.fr\\\/#website\"},\"datePublished\":\"2024-11-18T13:44:15+00:00\",\"dateModified\":\"2024-12-17T10:56:39+00:00\",\"breadcrumb\":{\"@id\":\"https:\\\/\\\/www.mobil-interim.fr\\\/index.php\\\/rejoignez-notre-reseau-dagence\\\/#breadcrumb\"},\"inLanguage\":\"fr-FR\",\"potentialAction\":[{\"@type\":\"ReadAction\",\"target\":[\"https:\\\/\\\/www.mobil-interim.fr\\\/index.php\\\/rejoignez-notre-reseau-dagence\\\/\"]}]},{\"@type\":\"BreadcrumbList\",\"@id\":\"https:\\\/\\\/www.mobil-interim.fr\\\/index.php\\\/rejoignez-notre-reseau-dagence\\\/#breadcrumb\",\"itemListElement\":[{\"@type\":\"ListItem\",\"position\":1,\"name\":\"Accueil\",\"item\":\"https:\\\/\\\/www.mobil-interim.fr\\\/\"},{\"@type\":\"ListItem\",\"position\":2,\"name\":\"Rejoignez notre r\u00e9seau d&rsquo;agence\"}]},{\"@type\":\"WebSite\",\"@id\":\"https:\\\/\\\/www.mobil-interim.fr\\\/#website\",\"url\":\"https:\\\/\\\/www.mobil-interim.fr\\\/\",\"name\":\"Mobil&#039;Interim\",\"description\":\"\",\"potentialAction\":[{\"@type\":\"SearchAction\",\"target\":{\"@type\":\"EntryPoint\",\"urlTemplate\":\"https:\\\/\\\/www.mobil-interim.fr\\\/?s={search_term_string}\"},\"query-input\":{\"@type\":\"PropertyValueSpecification\",\"valueRequired\":true,\"valueName\":\"search_term_string\"}}],\"inLanguage\":\"fr-FR\"}]}<\/script>\n<!-- \/ Yoast SEO plugin. -->","yoast_head_json":{"title":"Rejoignez notre r\u00e9seau d'agence - Mobil&#039;Interim","robots":{"index":"index","follow":"follow","max-snippet":"max-snippet:-1","max-image-preview":"max-image-preview:large","max-video-preview":"max-video-preview:-1"},"canonical":"https:\/\/www.mobil-interim.fr\/index.php\/rejoignez-notre-reseau-dagence\/","og_locale":"fr_FR","og_type":"article","og_title":"Rejoignez notre r\u00e9seau d'agence - Mobil&#039;Interim","og_description":"Rejoignez notre r\u00e9seau d&rsquo;agence Rejoignez notre r\u00e9seau d&rsquo;agence A l\u2019\u00e9coute des candidats et des entreprises, nous sommes des sp\u00e9cialistes du travail temporaire et du recrutement. Grace \u00e0 notre concept novateur d\u2019agence mobile, nous sommes au plus pr\u00e8s de nos clients, de nos collaborateurs int\u00e9rimaires et des partenaires de l\u2019emploi. Mobil\u2019interim l\u2019agence num\u00e9ro 1 de la [&hellip;]","og_url":"https:\/\/www.mobil-interim.fr\/index.php\/rejoignez-notre-reseau-dagence\/","og_site_name":"Mobil&#039;Interim","article_modified_time":"2024-12-17T10:56:39+00:00","twitter_card":"summary_large_image","twitter_misc":{"Dur\u00e9e de lecture estim\u00e9e":"1 minute"},"schema":{"@context":"https:\/\/schema.org","@graph":[{"@type":"WebPage","@id":"https:\/\/www.mobil-interim.fr\/index.php\/rejoignez-notre-reseau-dagence\/","url":"https:\/\/www.mobil-interim.fr\/index.php\/rejoignez-notre-reseau-dagence\/","name":"Rejoignez notre r\u00e9seau d'agence - Mobil&#039;Interim","isPartOf":{"@id":"https:\/\/www.mobil-interim.fr\/#website"},"datePublished":"2024-11-18T13:44:15+00:00","dateModified":"2024-12-17T10:56:39+00:00","breadcrumb":{"@id":"https:\/\/www.mobil-interim.fr\/index.php\/rejoignez-notre-reseau-dagence\/#breadcrumb"},"inLanguage":"fr-FR","potentialAction":[{"@type":"ReadAction","target":["https:\/\/www.mobil-interim.fr\/index.php\/rejoignez-notre-reseau-dagence\/"]}]},{"@type":"BreadcrumbList","@id":"https:\/\/www.mobil-interim.fr\/index.php\/rejoignez-notre-reseau-dagence\/#breadcrumb","itemListElement":[{"@type":"ListItem","position":1,"name":"Accueil","item":"https:\/\/www.mobil-interim.fr\/"},{"@type":"ListItem","position":2,"name":"Rejoignez notre r\u00e9seau d&rsquo;agence"}]},{"@type":"WebSite","@id":"https:\/\/www.mobil-interim.fr\/#website","url":"https:\/\/www.mobil-interim.fr\/","name":"Mobil&#039;Interim","description":"","potentialAction":[{"@type":"SearchAction","target":{"@type":"EntryPoint","urlTemplate":"https:\/\/www.mobil-interim.fr\/?s={search_term_string}"},"query-input":{"@type":"PropertyValueSpecification","valueRequired":true,"valueName":"search_term_string"}}],"inLanguage":"fr-FR"}]}},"_links":{"self":[{"href":"https:\/\/www.mobil-interim.fr\/index.php\/wp-json\/wp\/v2\/pages\/2051","targetHints":{"allow":["GET"]}}],"collection":[{"href":"https:\/\/www.mobil-interim.fr\/index.php\/wp-json\/wp\/v2\/pages"}],"about":[{"href":"https:\/\/www.mobil-interim.fr\/index.php\/wp-json\/wp\/v2\/types\/page"}],"author":[{"embeddable":true,"href":"https:\/\/www.mobil-interim.fr\/index.php\/wp-json\/wp\/v2\/users\/1"}],"replies":[{"embeddable":true,"href":"https:\/\/www.mobil-interim.fr\/index.php\/wp-json\/wp\/v2\/comments?post=2051"}],"version-history":[{"count":6,"href":"https:\/\/www.mobil-interim.fr\/index.php\/wp-json\/wp\/v2\/pages\/2051\/revisions"}],"predecessor-version":[{"id":2794,"href":"https:\/\/www.mobil-interim.fr\/index.php\/wp-json\/wp\/v2\/pages\/2051\/revisions\/2794"}],"wp:attachment":[{"href":"https:\/\/www.mobil-interim.fr\/index.php\/wp-json\/wp\/v2\/media?parent=2051"}],"curies":[{"name":"wp","href":"https:\/\/api.w.org\/{rel}","templated":true}]}}