{"id":451,"date":"2024-09-03T14:18:14","date_gmt":"2024-09-03T14:18:14","guid":{"rendered":"https:\/\/mobil.icone-interactive.fr\/?page_id=451"},"modified":"2024-12-19T15:32:28","modified_gmt":"2024-12-19T15:32:28","slug":"contrat-interim","status":"publish","type":"page","link":"https:\/\/www.mobil-interim.fr\/index.php\/contrat-interim\/","title":{"rendered":"Contrat int\u00e9rim"},"content":{"rendered":"\t\t<div data-elementor-type=\"wp-page\" data-elementor-id=\"451\" class=\"elementor elementor-451\" data-elementor-post-type=\"page\">\n\t\t\t\t\t\t<section class=\"elementor-section elementor-top-section elementor-element elementor-element-18fa7b70 elementor-section-height-min-height elementor-section-boxed elementor-section-height-default elementor-section-items-middle\" data-id=\"18fa7b70\" data-element_type=\"section\" data-e-type=\"section\" data-settings=\"{&quot;background_background&quot;:&quot;classic&quot;}\">\n\t\t\t\t\t\t\t<div class=\"elementor-background-overlay\"><\/div>\n\t\t\t\t\t\t\t<div class=\"elementor-container elementor-column-gap-default\">\n\t\t\t\t\t<div class=\"elementor-column elementor-col-100 elementor-top-column elementor-element elementor-element-358d0bba\" data-id=\"358d0bba\" data-element_type=\"column\" data-e-type=\"column\">\n\t\t\t<div class=\"elementor-widget-wrap elementor-element-populated\">\n\t\t\t\t\t\t<div class=\"elementor-element elementor-element-2a63cbba elementor-widget elementor-widget-heading\" data-id=\"2a63cbba\" data-element_type=\"widget\" data-e-type=\"widget\" data-widget_type=\"heading.default\">\n\t\t\t\t<div class=\"elementor-widget-container\">\n\t\t\t\t\t<h1 class=\"elementor-heading-title elementor-size-default\">Contrat int\u00e9rim<\/h1>\t\t\t\t<\/div>\n\t\t\t\t<\/div>\n\t\t\t\t<div class=\"elementor-element elementor-element-804c15e elementor-widget elementor-widget-breadcrumbs\" data-id=\"804c15e\" data-element_type=\"widget\" data-e-type=\"widget\" data-widget_type=\"breadcrumbs.default\">\n\t\t\t\t<div class=\"elementor-widget-container\">\n\t\t\t\t\t<p id=\"breadcrumbs\"><span><span><a href=\"https:\/\/www.mobil-interim.fr\/\">Accueil<\/a><\/span><\/span><\/p>\t\t\t\t<\/div>\n\t\t\t\t<\/div>\n\t\t\t\t\t<\/div>\n\t\t<\/div>\n\t\t\t\t\t<\/div>\n\t\t<\/section>\n\t\t\t\t<section class=\"elementor-section elementor-top-section elementor-element elementor-element-5499c9c9 elementor-section-boxed elementor-section-height-default elementor-section-height-default\" data-id=\"5499c9c9\" data-element_type=\"section\" data-e-type=\"section\">\n\t\t\t\t\t\t<div class=\"elementor-container elementor-column-gap-default\">\n\t\t\t\t\t<div class=\"elementor-column elementor-col-50 elementor-top-column elementor-element elementor-element-7e72e306\" data-id=\"7e72e306\" data-element_type=\"column\" data-e-type=\"column\">\n\t\t\t<div class=\"elementor-widget-wrap elementor-element-populated\">\n\t\t\t\t\t\t<div class=\"elementor-element elementor-element-89eed9d elementor-widget elementor-widget-heading\" data-id=\"89eed9d\" data-element_type=\"widget\" data-e-type=\"widget\" data-widget_type=\"heading.default\">\n\t\t\t\t<div class=\"elementor-widget-container\">\n\t\t\t\t\t<h6 class=\"elementor-heading-title elementor-size-default\">Contrat int\u00e9rim<\/h6>\t\t\t\t<\/div>\n\t\t\t\t<\/div>\n\t\t\t\t<div class=\"elementor-element elementor-element-da08d0d elementor-widget elementor-widget-elementskit-heading\" data-id=\"da08d0d\" data-element_type=\"widget\" data-e-type=\"widget\" data-widget_type=\"elementskit-heading.default\">\n\t\t\t\t<div class=\"elementor-widget-container\">\n\t\t\t\t\t<div class=\"ekit-wid-con\" ><div class=\"ekit-heading elementskit-section-title-wraper text_left   ekit_heading_tablet-   ekit_heading_mobile-\"><h2 class=\"ekit-heading--title elementskit-section-title \">Choisir l\u2019int\u00e9rim peut offrir <span><span>plusieurs avantages<\/span><\/span><\/h2><\/div><\/div>\t\t\t\t<\/div>\n\t\t\t\t<\/div>\n\t\t\t\t<div class=\"elementor-element elementor-element-7bbb0a8 elementor-align-start elementor-icon-list--layout-traditional elementor-list-item-link-full_width elementor-widget elementor-widget-icon-list\" data-id=\"7bbb0a8\" data-element_type=\"widget\" data-e-type=\"widget\" data-widget_type=\"icon-list.default\">\n\t\t\t\t<div class=\"elementor-widget-container\">\n\t\t\t\t\t\t\t<ul class=\"elementor-icon-list-items\">\n\t\t\t\t\t\t\t<li class=\"elementor-icon-list-item\">\n\t\t\t\t\t\t\t\t\t\t\t<span class=\"elementor-icon-list-icon\">\n\t\t\t\t\t\t\t<svg aria-hidden=\"true\" class=\"e-font-icon-svg e-fas-circle\" viewBox=\"0 0 512 512\" xmlns=\"http:\/\/www.w3.org\/2000\/svg\"><path d=\"M256 8C119 8 8 119 8 256s111 248 248 248 248-111 248-248S393 8 256 8z\"><\/path><\/svg>\t\t\t\t\t\t<\/span>\n\t\t\t\t\t\t\t\t\t\t<span class=\"elementor-icon-list-text\"><span class=\"orange\"><strong>La flexibilit\u00e9<\/strong><\/span> : Les missions int\u00e9rimaires permettent de choisir quand et o\u00f9 travailler, offrant ainsi une grande souplesse pour adapter son emploi du temps \u00e0 ses besoins personnels.<\/span>\n\t\t\t\t\t\t\t\t\t<\/li>\n\t\t\t\t\t\t\t\t<li class=\"elementor-icon-list-item\">\n\t\t\t\t\t\t\t\t\t\t\t<span class=\"elementor-icon-list-icon\">\n\t\t\t\t\t\t\t<svg aria-hidden=\"true\" class=\"e-font-icon-svg e-fas-circle\" viewBox=\"0 0 512 512\" xmlns=\"http:\/\/www.w3.org\/2000\/svg\"><path d=\"M256 8C119 8 8 119 8 256s111 248 248 248 248-111 248-248S393 8 256 8z\"><\/path><\/svg>\t\t\t\t\t\t<\/span>\n\t\t\t\t\t\t\t\t\t\t<span class=\"elementor-icon-list-text\"><span class=\"orange\"><strong>Diversit\u00e9 d'exp\u00e9rience<\/strong><\/span> : Travailler dans diff\u00e9rents secteurs et entreprises permet d\u2019acqu\u00e9rir une large gamme de comp\u00e9tences et d\u2019exp\u00e9rience, enrichissant ainsi son CV.<\/span>\n\t\t\t\t\t\t\t\t\t<\/li>\n\t\t\t\t\t\t\t\t<li class=\"elementor-icon-list-item\">\n\t\t\t\t\t\t\t\t\t\t\t<span class=\"elementor-icon-list-icon\">\n\t\t\t\t\t\t\t<svg aria-hidden=\"true\" class=\"e-font-icon-svg e-fas-circle\" viewBox=\"0 0 512 512\" xmlns=\"http:\/\/www.w3.org\/2000\/svg\"><path d=\"M256 8C119 8 8 119 8 256s111 248 248 248 248-111 248-248S393 8 256 8z\"><\/path><\/svg>\t\t\t\t\t\t<\/span>\n\t\t\t\t\t\t\t\t\t\t<span class=\"elementor-icon-list-text\"><span class=\"orange\"><strong>Opportunit\u00e9s d'emploi<\/strong><\/span> : L\u2019int\u00e9rim peut souvent servir de tremplin vers un emploi permanent. De nombreuses entreprises utilisent l\u2019int\u00e9rim pour \u00e9valuer les comp\u00e9tences d\u2019un candidat avant de proposer un poste fixe.<\/span>\n\t\t\t\t\t\t\t\t\t<\/li>\n\t\t\t\t\t\t\t\t<li class=\"elementor-icon-list-item\">\n\t\t\t\t\t\t\t\t\t\t\t<span class=\"elementor-icon-list-icon\">\n\t\t\t\t\t\t\t<svg aria-hidden=\"true\" class=\"e-font-icon-svg e-fas-circle\" viewBox=\"0 0 512 512\" xmlns=\"http:\/\/www.w3.org\/2000\/svg\"><path d=\"M256 8C119 8 8 119 8 256s111 248 248 248 248-111 248-248S393 8 256 8z\"><\/path><\/svg>\t\t\t\t\t\t<\/span>\n\t\t\t\t\t\t\t\t\t\t<span class=\"elementor-icon-list-text\"><span class=\"orange\"><strong>R\u00e9mun\u00e9ration attractive<\/strong><\/span> : Les missions int\u00e9rimaires peuvent parfois offrir des taux de r\u00e9mun\u00e9ration plus \u00e9lev\u00e9s, surtout pour des comp\u00e9tences sp\u00e9cialis\u00e9es ou des besoins urgents.<\/span>\n\t\t\t\t\t\t\t\t\t<\/li>\n\t\t\t\t\t\t\t\t<li class=\"elementor-icon-list-item\">\n\t\t\t\t\t\t\t\t\t\t\t<span class=\"elementor-icon-list-icon\">\n\t\t\t\t\t\t\t<svg aria-hidden=\"true\" class=\"e-font-icon-svg e-fas-circle\" viewBox=\"0 0 512 512\" xmlns=\"http:\/\/www.w3.org\/2000\/svg\"><path d=\"M256 8C119 8 8 119 8 256s111 248 248 248 248-111 248-248S393 8 256 8z\"><\/path><\/svg>\t\t\t\t\t\t<\/span>\n\t\t\t\t\t\t\t\t\t\t<span class=\"elementor-icon-list-text\"><span class=\"orange\"><strong>R\u00e9seautage<\/strong><\/span> : Travailler dans diverses entreprises permet de rencontrer de nouvelles personnes et de se constituer un r\u00e9seau professionnel \u00e9largi, ce qui peut \u00eatre b\u00e9n\u00e9fique pour de futures opportunit\u00e9s de carri\u00e8re.<\/span>\n\t\t\t\t\t\t\t\t\t<\/li>\n\t\t\t\t\t\t\t\t<li class=\"elementor-icon-list-item\">\n\t\t\t\t\t\t\t\t\t\t\t<span class=\"elementor-icon-list-icon\">\n\t\t\t\t\t\t\t<svg aria-hidden=\"true\" class=\"e-font-icon-svg e-fas-circle\" viewBox=\"0 0 512 512\" xmlns=\"http:\/\/www.w3.org\/2000\/svg\"><path d=\"M256 8C119 8 8 119 8 256s111 248 248 248 248-111 248-248S393 8 256 8z\"><\/path><\/svg>\t\t\t\t\t\t<\/span>\n\t\t\t\t\t\t\t\t\t\t<span class=\"elementor-icon-list-text\"><span class=\"orange\"><strong>Formation continue<\/strong><\/span> : Mobil\u2019interim offre des formations et des mises \u00e0 niveau pour am\u00e9liorer les comp\u00e9tences de nos collaborateurs int\u00e9rimaires et, facilite ainsi leur \u00e9volution professionnelle.<\/span>\n\t\t\t\t\t\t\t\t\t<\/li>\n\t\t\t\t\t\t<\/ul>\n\t\t\t\t\t\t<\/div>\n\t\t\t\t<\/div>\n\t\t\t\t\t<\/div>\n\t\t<\/div>\n\t\t\t\t<aside class=\"elementor-column elementor-col-50 elementor-top-column elementor-element elementor-element-502afb1\" data-id=\"502afb1\" data-element_type=\"column\" data-e-type=\"column\">\n\t\t\t<div class=\"elementor-widget-wrap elementor-element-populated\">\n\t\t\t\t\t\t<div class=\"elementor-element elementor-element-77a662c elementor-widget__width-initial elementor-widget elementor-widget-image\" data-id=\"77a662c\" data-element_type=\"widget\" data-e-type=\"widget\" data-widget_type=\"image.default\">\n\t\t\t\t<div class=\"elementor-widget-container\">\n\t\t\t\t\t\t\t\t\t\t\t\t\t\t\t<img fetchpriority=\"high\" decoding=\"async\" width=\"1165\" height=\"870\" src=\"https:\/\/www.mobil-interim.fr\/wp-content\/uploads\/2024\/11\/Mobilinterim-Contrat-de-mission-05.png\" class=\"attachment-full size-full wp-image-2484\" alt=\"\" srcset=\"https:\/\/www.mobil-interim.fr\/wp-content\/uploads\/2024\/11\/Mobilinterim-Contrat-de-mission-05.png 1165w, https:\/\/www.mobil-interim.fr\/wp-content\/uploads\/2024\/11\/Mobilinterim-Contrat-de-mission-05-300x224.png 300w, https:\/\/www.mobil-interim.fr\/wp-content\/uploads\/2024\/11\/Mobilinterim-Contrat-de-mission-05-1024x765.png 1024w, https:\/\/www.mobil-interim.fr\/wp-content\/uploads\/2024\/11\/Mobilinterim-Contrat-de-mission-05-768x574.png 768w\" sizes=\"(max-width: 1165px) 100vw, 1165px\" \/>\t\t\t\t\t\t\t\t\t\t\t\t\t\t\t<\/div>\n\t\t\t\t<\/div>\n\t\t\t\t<div class=\"elementor-element elementor-element-1e15dec elementor-widget__width-initial elementor-widget elementor-widget-video\" data-id=\"1e15dec\" data-element_type=\"widget\" data-e-type=\"widget\" data-settings=\"{&quot;youtube_url&quot;:&quot;https:\\\/\\\/www.youtu.be\\\/C7epjpFPpl0&quot;,&quot;autoplay&quot;:&quot;yes&quot;,&quot;play_on_mobile&quot;:&quot;yes&quot;,&quot;loop&quot;:&quot;yes&quot;,&quot;video_type&quot;:&quot;youtube&quot;,&quot;controls&quot;:&quot;yes&quot;}\" data-widget_type=\"video.default\">\n\t\t\t\t<div class=\"elementor-widget-container\">\n\t\t\t\t\t\t\t<div class=\"elementor-wrapper elementor-open-inline\">\n\t\t\t<div class=\"elementor-video\"><\/div>\t\t<\/div>\n\t\t\t\t\t\t<\/div>\n\t\t\t\t<\/div>\n\t\t\t\t\t<\/div>\n\t\t<\/aside>\n\t\t\t\t\t<\/div>\n\t\t<\/section>\n\t\t\t\t<section class=\"elementor-section elementor-top-section elementor-element elementor-element-5cb8fad elementor-section-boxed elementor-section-height-default elementor-section-height-default\" data-id=\"5cb8fad\" data-element_type=\"section\" data-e-type=\"section\">\n\t\t\t\t\t\t<div class=\"elementor-container elementor-column-gap-default\">\n\t\t\t\t\t<div class=\"elementor-column elementor-col-100 elementor-top-column elementor-element elementor-element-ab5944a\" data-id=\"ab5944a\" data-element_type=\"column\" data-e-type=\"column\">\n\t\t\t<div class=\"elementor-widget-wrap elementor-element-populated\">\n\t\t\t\t\t\t<div class=\"elementor-element elementor-element-dc40165 elementor-widget elementor-widget-heading\" data-id=\"dc40165\" data-element_type=\"widget\" data-e-type=\"widget\" data-widget_type=\"heading.default\">\n\t\t\t\t<div class=\"elementor-widget-container\">\n\t\t\t\t\t<h6 class=\"elementor-heading-title elementor-size-default\">D'autres avantages<\/h6>\t\t\t\t<\/div>\n\t\t\t\t<\/div>\n\t\t\t\t<div class=\"elementor-element elementor-element-f550b50 elementor-widget elementor-widget-elementskit-heading\" data-id=\"f550b50\" data-element_type=\"widget\" data-e-type=\"widget\" data-widget_type=\"elementskit-heading.default\">\n\t\t\t\t<div class=\"elementor-widget-container\">\n\t\t\t\t\t<div class=\"ekit-wid-con\" ><div class=\"ekit-heading elementskit-section-title-wraper text_left   ekit_heading_tablet-   ekit_heading_mobile-\"><h2 class=\"ekit-heading--title elementskit-section-title \">Une <span><span>mutuelle<\/span><\/span><\/h2><\/div><\/div>\t\t\t\t<\/div>\n\t\t\t\t<\/div>\n\t\t\t\t<div class=\"elementor-element elementor-element-8aa5d74 elementor-widget elementor-widget-text-editor\" data-id=\"8aa5d74\" data-element_type=\"widget\" data-e-type=\"widget\" data-widget_type=\"text-editor.default\">\n\t\t\t\t<div class=\"elementor-widget-container\">\n\t\t\t\t\t\t\t\t\t<p>Depuis le 1er janvier 2016, tout employeur doit mettre en place une mutuelle d\u2019entreprise qu\u2019il finance \u00e0 50% pour couvrir ses salari\u00e9s \u00e0 partir de 414 Heures. <br \/>L\u2019objectif est de permettre \u00e0 tout salari\u00e9 d\u2019acc\u00e9der aux soins.<\/p>\t\t\t\t\t\t\t\t<\/div>\n\t\t\t\t<\/div>\n\t\t\t\t<section class=\"elementor-section elementor-inner-section elementor-element elementor-element-cb69fd6 elementor-section-boxed elementor-section-height-default elementor-section-height-default\" data-id=\"cb69fd6\" data-element_type=\"section\" data-e-type=\"section\">\n\t\t\t\t\t\t<div class=\"elementor-container elementor-column-gap-no\">\n\t\t\t\t\t<div class=\"elementor-column elementor-col-50 elementor-inner-column elementor-element elementor-element-9230cba\" data-id=\"9230cba\" data-element_type=\"column\" data-e-type=\"column\">\n\t\t\t<div class=\"elementor-widget-wrap elementor-element-populated\">\n\t\t\t\t\t\t<div class=\"elementor-element elementor-element-cfa5732 elementor-widget elementor-widget-image\" data-id=\"cfa5732\" data-element_type=\"widget\" data-e-type=\"widget\" data-widget_type=\"image.default\">\n\t\t\t\t<div class=\"elementor-widget-container\">\n\t\t\t\t\t\t\t\t\t\t\t\t\t\t\t<img decoding=\"async\" width=\"2560\" height=\"1707\" src=\"https:\/\/www.mobil-interim.fr\/wp-content\/uploads\/2024\/09\/hands-of-two-child-holding-each-other-on-field-co-2023-11-27-05-37-23-utc-scaled-1.jpg\" class=\"attachment-full size-full wp-image-2166\" alt=\"\" srcset=\"https:\/\/www.mobil-interim.fr\/wp-content\/uploads\/2024\/09\/hands-of-two-child-holding-each-other-on-field-co-2023-11-27-05-37-23-utc-scaled-1.jpg 2560w, https:\/\/www.mobil-interim.fr\/wp-content\/uploads\/2024\/09\/hands-of-two-child-holding-each-other-on-field-co-2023-11-27-05-37-23-utc-scaled-1-300x200.jpg 300w, https:\/\/www.mobil-interim.fr\/wp-content\/uploads\/2024\/09\/hands-of-two-child-holding-each-other-on-field-co-2023-11-27-05-37-23-utc-scaled-1-1024x683.jpg 1024w, https:\/\/www.mobil-interim.fr\/wp-content\/uploads\/2024\/09\/hands-of-two-child-holding-each-other-on-field-co-2023-11-27-05-37-23-utc-scaled-1-768x512.jpg 768w, https:\/\/www.mobil-interim.fr\/wp-content\/uploads\/2024\/09\/hands-of-two-child-holding-each-other-on-field-co-2023-11-27-05-37-23-utc-scaled-1-1536x1024.jpg 1536w, https:\/\/www.mobil-interim.fr\/wp-content\/uploads\/2024\/09\/hands-of-two-child-holding-each-other-on-field-co-2023-11-27-05-37-23-utc-scaled-1-2048x1366.jpg 2048w\" sizes=\"(max-width: 2560px) 100vw, 2560px\" \/>\t\t\t\t\t\t\t\t\t\t\t\t\t\t\t<\/div>\n\t\t\t\t<\/div>\n\t\t\t\t\t<\/div>\n\t\t<\/div>\n\t\t\t\t<div class=\"elementor-column elementor-col-50 elementor-inner-column elementor-element elementor-element-299b0ce\" data-id=\"299b0ce\" data-element_type=\"column\" data-e-type=\"column\">\n\t\t\t<div class=\"elementor-widget-wrap elementor-element-populated\">\n\t\t\t\t\t\t<div class=\"elementor-element elementor-element-a8576a9 elementor-widget elementor-widget-text-editor\" data-id=\"a8576a9\" data-element_type=\"widget\" data-e-type=\"widget\" data-widget_type=\"text-editor.default\">\n\t\t\t\t<div class=\"elementor-widget-container\">\n\t\t\t\t\t\t\t\t\t<p>En tant qu\u2019int\u00e9rimaire chez Mobil&rsquo;interim, vous \u00eates salari\u00e9 d\u2019une entreprise de travail temporaire. Comme tout salari\u00e9, vous b\u00e9n\u00e9ficiez d\u2019une compl\u00e9mentaire sant\u00e9 financ\u00e9e en partie par votre agence de travail temporaire.<\/p><p>Vous avez la possibilit\u00e9 de souscrire une mutuelle compl\u00e9mentaire sant\u00e9.<br \/>Celle-ci prendra en charge les frais m\u00e9dicaux non rembours\u00e9s par la S\u00e9curit\u00e9 sociale. INT\u00c9RIMAIRES SANT\u00c9 a \u00e9t\u00e9 retenu pour vous proposer une offre sant\u00e9 \u00e0 des conditions pr\u00e9f\u00e9rentielles.<\/p>\t\t\t\t\t\t\t\t<\/div>\n\t\t\t\t<\/div>\n\t\t\t\t\t<\/div>\n\t\t<\/div>\n\t\t\t\t\t<\/div>\n\t\t<\/section>\n\t\t\t\t<section class=\"elementor-section elementor-inner-section elementor-element elementor-element-6452467 elementor-section-boxed elementor-section-height-default elementor-section-height-default\" data-id=\"6452467\" data-element_type=\"section\" data-e-type=\"section\">\n\t\t\t\t\t\t<div class=\"elementor-container elementor-column-gap-no\">\n\t\t\t\t\t<div class=\"elementor-column elementor-col-50 elementor-inner-column elementor-element elementor-element-6e2d36a\" data-id=\"6e2d36a\" data-element_type=\"column\" data-e-type=\"column\">\n\t\t\t<div class=\"elementor-widget-wrap elementor-element-populated\">\n\t\t\t\t\t\t<div class=\"elementor-element elementor-element-85b3e85 elementor-widget__width-initial elementor-widget elementor-widget-text-editor\" data-id=\"85b3e85\" data-element_type=\"widget\" data-e-type=\"widget\" data-widget_type=\"text-editor.default\">\n\t\t\t\t<div class=\"elementor-widget-container\">\n\t\t\t\t\t\t\t\t\t<p>INT\u00c9RIMAIRES SANT\u00c9 vous propose donc une assurance maladie compl\u00e9mentaire adapt\u00e9e \u00e0 votre situation de travail temporaire, avec des tarifs pr\u00e9f\u00e9rentiels gr\u00e2ce aux nombreux partenariats que nous avons nou\u00e9s avec des professionnels de sant\u00e9. Vous b\u00e9n\u00e9ficierez \u00e9galement d\u2019une assistance m\u00e9dicale 24h\/24 et 7j\/7 en cas de probl\u00e8mes de sant\u00e9 lorsque vous serez \u00e0 l\u2019\u00e9tranger.<\/p><p>INTERIMAIRES SANTE, c\u2019est :<\/p><ul><li>Des aides financi\u00e8res selon votre situation,<\/li><li>Un maintien gratuit de votre garantie de base entre deux missions et en cas d\u2019arr\u00eat de travail ou de cong\u00e9 maternit\u00e9,<\/li><li>Une couverture continue, m\u00eame avec des employeurs diff\u00e9rents, sans d\u00e9marches suppl\u00e9mentaires.<\/li><\/ul>\t\t\t\t\t\t\t\t<\/div>\n\t\t\t\t<\/div>\n\t\t\t\t\t<\/div>\n\t\t<\/div>\n\t\t\t\t<div class=\"elementor-column elementor-col-50 elementor-inner-column elementor-element elementor-element-fe61438\" data-id=\"fe61438\" data-element_type=\"column\" data-e-type=\"column\">\n\t\t\t<div class=\"elementor-widget-wrap elementor-element-populated\">\n\t\t\t\t\t\t<div class=\"elementor-element elementor-element-c3a8feb elementor-widget elementor-widget-image\" data-id=\"c3a8feb\" data-element_type=\"widget\" data-e-type=\"widget\" data-widget_type=\"image.default\">\n\t\t\t\t<div class=\"elementor-widget-container\">\n\t\t\t\t\t\t\t\t\t\t\t\t\t\t\t<img decoding=\"async\" width=\"1280\" height=\"720\" src=\"https:\/\/www.mobil-interim.fr\/wp-content\/uploads\/2024\/09\/interimaires-sante.png\" class=\"attachment-full size-full wp-image-367\" alt=\"\" srcset=\"https:\/\/www.mobil-interim.fr\/wp-content\/uploads\/2024\/09\/interimaires-sante.png 1280w, https:\/\/www.mobil-interim.fr\/wp-content\/uploads\/2024\/09\/interimaires-sante-300x169.png 300w, https:\/\/www.mobil-interim.fr\/wp-content\/uploads\/2024\/09\/interimaires-sante-1024x576.png 1024w, https:\/\/www.mobil-interim.fr\/wp-content\/uploads\/2024\/09\/interimaires-sante-768x432.png 768w\" sizes=\"(max-width: 1280px) 100vw, 1280px\" \/>\t\t\t\t\t\t\t\t\t\t\t\t\t\t\t<\/div>\n\t\t\t\t<\/div>\n\t\t\t\t\t<\/div>\n\t\t<\/div>\n\t\t\t\t\t<\/div>\n\t\t<\/section>\n\t\t\t\t\t<\/div>\n\t\t<\/div>\n\t\t\t\t\t<\/div>\n\t\t<\/section>\n\t\t\t\t<section class=\"elementor-section elementor-top-section elementor-element elementor-element-d288b09 elementor-section-boxed elementor-section-height-default elementor-section-height-default\" data-id=\"d288b09\" data-element_type=\"section\" data-e-type=\"section\">\n\t\t\t\t\t\t<div class=\"elementor-container elementor-column-gap-default\">\n\t\t\t\t\t<div class=\"elementor-column elementor-col-100 elementor-top-column elementor-element elementor-element-16488c7\" data-id=\"16488c7\" data-element_type=\"column\" data-e-type=\"column\">\n\t\t\t<div class=\"elementor-widget-wrap elementor-element-populated\">\n\t\t\t\t\t\t<div class=\"elementor-element elementor-element-4844217 elementor-widget elementor-widget-elementskit-heading\" data-id=\"4844217\" data-element_type=\"widget\" data-e-type=\"widget\" data-widget_type=\"elementskit-heading.default\">\n\t\t\t\t<div class=\"elementor-widget-container\">\n\t\t\t\t\t<div class=\"ekit-wid-con\" ><div class=\"ekit-heading elementskit-section-title-wraper text_left   ekit_heading_tablet-   ekit_heading_mobile-\"><h2 class=\"ekit-heading--title elementskit-section-title \">Des <span><span>formations<\/span><\/span><\/h2><\/div><\/div>\t\t\t\t<\/div>\n\t\t\t\t<\/div>\n\t\t\t\t<section class=\"elementor-section elementor-inner-section elementor-element elementor-element-fe38de6 elementor-section-boxed elementor-section-height-default elementor-section-height-default\" data-id=\"fe38de6\" data-element_type=\"section\" data-e-type=\"section\">\n\t\t\t\t\t\t<div class=\"elementor-container elementor-column-gap-no\">\n\t\t\t\t\t<div class=\"elementor-column elementor-col-50 elementor-inner-column elementor-element elementor-element-9be3a1c\" data-id=\"9be3a1c\" data-element_type=\"column\" data-e-type=\"column\">\n\t\t\t<div class=\"elementor-widget-wrap elementor-element-populated\">\n\t\t\t\t\t\t<div class=\"elementor-element elementor-element-863f39c elementor-widget__width-initial elementor-widget elementor-widget-image\" data-id=\"863f39c\" data-element_type=\"widget\" data-e-type=\"widget\" data-widget_type=\"image.default\">\n\t\t\t\t<div class=\"elementor-widget-container\">\n\t\t\t\t\t\t\t\t\t\t\t\t\t\t\t<img loading=\"lazy\" decoding=\"async\" width=\"480\" height=\"640\" src=\"https:\/\/www.mobil-interim.fr\/wp-content\/uploads\/2024\/09\/formation.jpg\" class=\"attachment-full size-full wp-image-330\" alt=\"\" srcset=\"https:\/\/www.mobil-interim.fr\/wp-content\/uploads\/2024\/09\/formation.jpg 480w, https:\/\/www.mobil-interim.fr\/wp-content\/uploads\/2024\/09\/formation-225x300.jpg 225w\" sizes=\"(max-width: 480px) 100vw, 480px\" \/>\t\t\t\t\t\t\t\t\t\t\t\t\t\t\t<\/div>\n\t\t\t\t<\/div>\n\t\t\t\t\t<\/div>\n\t\t<\/div>\n\t\t\t\t<div class=\"elementor-column elementor-col-50 elementor-inner-column elementor-element elementor-element-a871dd6\" data-id=\"a871dd6\" data-element_type=\"column\" data-e-type=\"column\">\n\t\t\t<div class=\"elementor-widget-wrap elementor-element-populated\">\n\t\t\t\t\t\t<div class=\"elementor-element elementor-element-97905f7 elementor-widget elementor-widget-text-editor\" data-id=\"97905f7\" data-element_type=\"widget\" data-e-type=\"widget\" data-widget_type=\"text-editor.default\">\n\t\t\t\t<div class=\"elementor-widget-container\">\n\t\t\t\t\t\t\t\t\t<p>La formation professionnelle est un v\u00e9ritable outil pour tous ceux qui souhaitent \u00e9voluer dans leur m\u00e9tier, et acqu\u00e9rir de nouvelles comp\u00e9tences ou encore de se reconvertir.<br \/>Comme tous salari\u00e9s, en tant qu\u2019int\u00e9rimaire, vous pouvez b\u00e9n\u00e9ficier de formations afin d\u2019acqu\u00e9rir de nouvelles comp\u00e9tences ou de d\u00e9velopper les comp\u00e9tences dans le m\u00e9tier que vous exercez.<\/p><p>A ce titre, votre agence Mobil\u2019interim vous propose des plans de formation personnalis\u00e9s.<\/p>\t\t\t\t\t\t\t\t<\/div>\n\t\t\t\t<\/div>\n\t\t\t\t\t<\/div>\n\t\t<\/div>\n\t\t\t\t\t<\/div>\n\t\t<\/section>\n\t\t\t\t<section class=\"elementor-section elementor-inner-section elementor-element elementor-element-f2a8353 elementor-section-boxed elementor-section-height-default elementor-section-height-default\" data-id=\"f2a8353\" data-element_type=\"section\" data-e-type=\"section\">\n\t\t\t\t\t\t<div class=\"elementor-container elementor-column-gap-no\">\n\t\t\t\t\t<div class=\"elementor-column elementor-col-50 elementor-inner-column elementor-element elementor-element-296f6d7\" data-id=\"296f6d7\" data-element_type=\"column\" data-e-type=\"column\">\n\t\t\t<div class=\"elementor-widget-wrap elementor-element-populated\">\n\t\t\t\t\t\t<div class=\"elementor-element elementor-element-1b65b31 elementor-widget elementor-widget-text-editor\" data-id=\"1b65b31\" data-element_type=\"widget\" data-e-type=\"widget\" data-widget_type=\"text-editor.default\">\n\t\t\t\t<div class=\"elementor-widget-container\">\n\t\t\t\t\t\t\t\t\t<p>Plusieurs dispositifs de formation sont accessibles pour vous former :<\/p><ul><li>Compte Personnel de Formation (CPF)<\/li><li>CPF de transition qui remplace le CIF (cong\u00e9s individuel de formation)<\/li><li>Bilan de comp\u00e9tences<\/li><li>Validation des Acquis et de l&rsquo;Experience (VAE)<\/li><li>Des dispositifs en alternance:<ul><li>Contrat de professionnalisation<\/li><li>Contrat d&rsquo;apprentissage<\/li><li>Contrat d&rsquo;insertion professionnel int\u00e9rimaire (CIPI)<\/li><li>Contrat de d\u00e9veloppement professionnel int\u00e9rimaire (CDPI)<\/li><\/ul><\/li><\/ul>\t\t\t\t\t\t\t\t<\/div>\n\t\t\t\t<\/div>\n\t\t\t\t\t<\/div>\n\t\t<\/div>\n\t\t\t\t<div class=\"elementor-column elementor-col-50 elementor-inner-column elementor-element elementor-element-2ccc776\" data-id=\"2ccc776\" data-element_type=\"column\" data-e-type=\"column\">\n\t\t\t<div class=\"elementor-widget-wrap elementor-element-populated\">\n\t\t\t\t\t\t<div class=\"elementor-element elementor-element-b800c4c elementor-widget elementor-widget-image\" data-id=\"b800c4c\" data-element_type=\"widget\" data-e-type=\"widget\" data-widget_type=\"image.default\">\n\t\t\t\t<div class=\"elementor-widget-container\">\n\t\t\t\t\t\t\t\t\t\t\t\t\t\t\t<img loading=\"lazy\" decoding=\"async\" width=\"2560\" height=\"1440\" src=\"https:\/\/www.mobil-interim.fr\/wp-content\/uploads\/2024\/09\/a-woman-in-a-yellow-vest-is-working-in-a-factory-2024-04-17-17-29-10-utc-scaled-1.jpg\" class=\"attachment-full size-full wp-image-853\" alt=\"\" srcset=\"https:\/\/www.mobil-interim.fr\/wp-content\/uploads\/2024\/09\/a-woman-in-a-yellow-vest-is-working-in-a-factory-2024-04-17-17-29-10-utc-scaled-1.jpg 2560w, https:\/\/www.mobil-interim.fr\/wp-content\/uploads\/2024\/09\/a-woman-in-a-yellow-vest-is-working-in-a-factory-2024-04-17-17-29-10-utc-scaled-1-300x169.jpg 300w, https:\/\/www.mobil-interim.fr\/wp-content\/uploads\/2024\/09\/a-woman-in-a-yellow-vest-is-working-in-a-factory-2024-04-17-17-29-10-utc-scaled-1-1024x576.jpg 1024w, https:\/\/www.mobil-interim.fr\/wp-content\/uploads\/2024\/09\/a-woman-in-a-yellow-vest-is-working-in-a-factory-2024-04-17-17-29-10-utc-scaled-1-768x432.jpg 768w, https:\/\/www.mobil-interim.fr\/wp-content\/uploads\/2024\/09\/a-woman-in-a-yellow-vest-is-working-in-a-factory-2024-04-17-17-29-10-utc-scaled-1-1536x864.jpg 1536w, https:\/\/www.mobil-interim.fr\/wp-content\/uploads\/2024\/09\/a-woman-in-a-yellow-vest-is-working-in-a-factory-2024-04-17-17-29-10-utc-scaled-1-2048x1152.jpg 2048w\" sizes=\"(max-width: 2560px) 100vw, 2560px\" \/>\t\t\t\t\t\t\t\t\t\t\t\t\t\t\t<\/div>\n\t\t\t\t<\/div>\n\t\t\t\t\t<\/div>\n\t\t<\/div>\n\t\t\t\t\t<\/div>\n\t\t<\/section>\n\t\t\t\t<div class=\"elementor-element elementor-element-4768118 elementor-widget elementor-widget-text-editor\" data-id=\"4768118\" data-element_type=\"widget\" data-e-type=\"widget\" data-widget_type=\"text-editor.default\">\n\t\t\t\t<div class=\"elementor-widget-container\">\n\t\t\t\t\t\t\t\t\t<p>Votre agence Mobil\u2019interim dispose aussi d\u2019un plan de formation qui permet de former ses int\u00e9rimaires sur des formations r\u00e9glementaires (par exemples : CACES, FCO,\u2026)<\/p>\t\t\t\t\t\t\t\t<\/div>\n\t\t\t\t<\/div>\n\t\t\t\t\t<\/div>\n\t\t<\/div>\n\t\t\t\t\t<\/div>\n\t\t<\/section>\n\t\t\t\t<section class=\"elementor-section elementor-top-section elementor-element elementor-element-318b499 elementor-section-boxed elementor-section-height-default elementor-section-height-default\" data-id=\"318b499\" data-element_type=\"section\" data-e-type=\"section\">\n\t\t\t\t\t\t\t<div class=\"elementor-background-overlay\"><\/div>\n\t\t\t\t\t\t\t<div class=\"elementor-container elementor-column-gap-default\">\n\t\t\t\t\t<div class=\"elementor-column elementor-col-100 elementor-top-column elementor-element elementor-element-924866c\" data-id=\"924866c\" data-element_type=\"column\" data-e-type=\"column\">\n\t\t\t<div class=\"elementor-widget-wrap elementor-element-populated\">\n\t\t\t\t\t\t<div class=\"elementor-element elementor-element-e3feb56 elementor-widget elementor-widget-elementskit-heading\" data-id=\"e3feb56\" data-element_type=\"widget\" data-e-type=\"widget\" data-widget_type=\"elementskit-heading.default\">\n\t\t\t\t<div class=\"elementor-widget-container\">\n\t\t\t\t\t<div class=\"ekit-wid-con\" ><div class=\"ekit-heading elementskit-section-title-wraper text_left   ekit_heading_tablet-   ekit_heading_mobile-\"><h2 class=\"ekit-heading--title elementskit-section-title \">Vos <span><span>aides au quotidien<\/span><\/span><\/h2><\/div><\/div>\t\t\t\t<\/div>\n\t\t\t\t<\/div>\n\t\t\t\t<div class=\"elementor-element elementor-element-4dea8cd elementor-widget elementor-widget-text-editor\" data-id=\"4dea8cd\" data-element_type=\"widget\" data-e-type=\"widget\" data-widget_type=\"text-editor.default\">\n\t\t\t\t<div class=\"elementor-widget-container\">\n\t\t\t\t\t\t\t\t\t<p>En \u00e9tant int\u00e9rimaire chez Mobil\u2019interim, vous pouvez b\u00e9n\u00e9ficier d\u2019aides, de services, de solutions pour faciliter votre vie quotidienne et s\u00e9curiser votre vie professionnelle.<\/p>\t\t\t\t\t\t\t\t<\/div>\n\t\t\t\t<\/div>\n\t\t\t\t<section class=\"elementor-section elementor-inner-section elementor-element elementor-element-9222c47 elementor-section-boxed elementor-section-height-default elementor-section-height-default\" data-id=\"9222c47\" data-element_type=\"section\" data-e-type=\"section\">\n\t\t\t\t\t\t<div class=\"elementor-container elementor-column-gap-no\">\n\t\t\t\t\t<div class=\"elementor-column elementor-col-50 elementor-inner-column elementor-element elementor-element-8164f0b\" data-id=\"8164f0b\" data-element_type=\"column\" data-e-type=\"column\">\n\t\t\t<div class=\"elementor-widget-wrap elementor-element-populated\">\n\t\t\t\t\t\t<div class=\"elementor-element elementor-element-f780cfc elementor-widget__width-initial elementor-widget elementor-widget-image\" data-id=\"f780cfc\" data-element_type=\"widget\" data-e-type=\"widget\" data-widget_type=\"image.default\">\n\t\t\t\t<div class=\"elementor-widget-container\">\n\t\t\t\t\t\t\t\t\t\t\t\t\t\t\t<img decoding=\"async\" src=\"https:\/\/www.mobil-interim.fr\/wp-content\/uploads\/elementor\/thumbs\/fastt-qyb5ysr3uqh6u7zxxfui0ic6bzh8rw1o18yacq33ao.png\" title=\"fastt\" alt=\"fastt\" loading=\"lazy\" \/>\t\t\t\t\t\t\t\t\t\t\t\t\t\t\t<\/div>\n\t\t\t\t<\/div>\n\t\t\t\t\t<\/div>\n\t\t<\/div>\n\t\t\t\t<div class=\"elementor-column elementor-col-50 elementor-inner-column elementor-element elementor-element-5ba0f65\" data-id=\"5ba0f65\" data-element_type=\"column\" data-e-type=\"column\">\n\t\t\t<div class=\"elementor-widget-wrap elementor-element-populated\">\n\t\t\t\t\t\t<div class=\"elementor-element elementor-element-cf3b54c elementor-widget elementor-widget-text-editor\" data-id=\"cf3b54c\" data-element_type=\"widget\" data-e-type=\"widget\" data-widget_type=\"text-editor.default\">\n\t\t\t\t<div class=\"elementor-widget-container\">\n\t\t\t\t\t\t\t\t\t<p>Notre partenariat avec le FASTT, nous permet ainsi de vous proposer <span style=\"text-decoration: underline;\">d\u00e8s<\/span><br \/><span style=\"text-decoration: underline;\">la 1\u00e8re heure de mission<\/span>, un acc\u00e8s \u00e0 :<\/p><ul><li>La location de v\u00e9hicule<\/li><li>La garde d&rsquo;enfants<\/li><li>La mutuelle<\/li><li>La pr\u00e9voyance<\/li><li>Le logement en d\u00e9placement<\/li><li>La r\u00e9paration de v\u00e9hicule<\/li><li>L&rsquo;aide Action Logement<\/li><li>L&rsquo;assurance Habitation<\/li><li>Le microcr\u00e9dit<\/li><\/ul>\t\t\t\t\t\t\t\t<\/div>\n\t\t\t\t<\/div>\n\t\t\t\t\t<\/div>\n\t\t<\/div>\n\t\t\t\t\t<\/div>\n\t\t<\/section>\n\t\t\t\t\t<\/div>\n\t\t<\/div>\n\t\t\t\t\t<\/div>\n\t\t<\/section>\n\t\t\t\t<section class=\"elementor-section elementor-top-section elementor-element elementor-element-51b6b84 elementor-section-boxed elementor-section-height-default elementor-section-height-default\" data-id=\"51b6b84\" data-element_type=\"section\" data-e-type=\"section\">\n\t\t\t\t\t\t\t<div class=\"elementor-background-overlay\"><\/div>\n\t\t\t\t\t\t\t<div class=\"elementor-container elementor-column-gap-default\">\n\t\t\t\t\t<div class=\"elementor-column elementor-col-100 elementor-top-column elementor-element elementor-element-1dedd4e\" data-id=\"1dedd4e\" data-element_type=\"column\" data-e-type=\"column\">\n\t\t\t<div class=\"elementor-widget-wrap elementor-element-populated\">\n\t\t\t\t\t\t<div class=\"elementor-element elementor-element-779b427 elementor-widget elementor-widget-elementskit-heading\" data-id=\"779b427\" data-element_type=\"widget\" data-e-type=\"widget\" data-widget_type=\"elementskit-heading.default\">\n\t\t\t\t<div class=\"elementor-widget-container\">\n\t\t\t\t\t<div class=\"ekit-wid-con\" ><div class=\"ekit-heading elementskit-section-title-wraper text_left   ekit_heading_tablet-   ekit_heading_mobile-\"><h2 class=\"ekit-heading--title elementskit-section-title \">Autres <span><span>types de contrat<\/span><\/span><\/h2><\/div><\/div>\t\t\t\t<\/div>\n\t\t\t\t<\/div>\n\t\t<div class=\"elementor-element elementor-element-832f6c3 e-grid e-con-boxed e-con e-parent\" data-id=\"832f6c3\" data-element_type=\"container\" data-e-type=\"container\">\n\t\t\t\t\t<div class=\"e-con-inner\">\n\t\t\t\t<div class=\"elementor-element elementor-element-4b15f88 elementor-align-justify elementor-widget elementor-widget-button\" data-id=\"4b15f88\" data-element_type=\"widget\" data-e-type=\"widget\" data-widget_type=\"button.default\">\n\t\t\t\t<div class=\"elementor-widget-container\">\n\t\t\t\t\t\t\t\t\t<div class=\"elementor-button-wrapper\">\n\t\t\t\t\t<a class=\"elementor-button elementor-button-link elementor-size-sm\" href=\"https:\/\/www.mobil-interim.fr\/index.php\/contrat-duree-determinee\/\">\n\t\t\t\t\t\t<span class=\"elementor-button-content-wrapper\">\n\t\t\t\t\t\t<span class=\"elementor-button-icon\">\n\t\t\t\t<i aria-hidden=\"true\" class=\"icon icon-contract\"><\/i>\t\t\t<\/span>\n\t\t\t\t\t\t\t\t\t<span class=\"elementor-button-text\">Contrat \u00e0 dur\u00e9e d\u00e9termin\u00e9e<\/span>\n\t\t\t\t\t<\/span>\n\t\t\t\t\t<\/a>\n\t\t\t\t<\/div>\n\t\t\t\t\t\t\t\t<\/div>\n\t\t\t\t<\/div>\n\t\t\t\t<div class=\"elementor-element elementor-element-8b18e96 elementor-align-justify elementor-widget elementor-widget-button\" data-id=\"8b18e96\" data-element_type=\"widget\" data-e-type=\"widget\" data-widget_type=\"button.default\">\n\t\t\t\t<div class=\"elementor-widget-container\">\n\t\t\t\t\t\t\t\t\t<div class=\"elementor-button-wrapper\">\n\t\t\t\t\t<a class=\"elementor-button elementor-button-link elementor-size-sm\" href=\"https:\/\/www.mobil-interim.fr\/index.php\/contrat-duree-indeterminee\/\">\n\t\t\t\t\t\t<span class=\"elementor-button-content-wrapper\">\n\t\t\t\t\t\t<span class=\"elementor-button-icon\">\n\t\t\t\t<i aria-hidden=\"true\" class=\"icon icon-contract\"><\/i>\t\t\t<\/span>\n\t\t\t\t\t\t\t\t\t<span class=\"elementor-button-text\">Contrat \u00e0 dur\u00e9e ind\u00e9termin\u00e9e<\/span>\n\t\t\t\t\t<\/span>\n\t\t\t\t\t<\/a>\n\t\t\t\t<\/div>\n\t\t\t\t\t\t\t\t<\/div>\n\t\t\t\t<\/div>\n\t\t\t\t<div class=\"elementor-element elementor-element-a6ea580 elementor-align-justify elementor-widget elementor-widget-button\" data-id=\"a6ea580\" data-element_type=\"widget\" data-e-type=\"widget\" data-widget_type=\"button.default\">\n\t\t\t\t<div class=\"elementor-widget-container\">\n\t\t\t\t\t\t\t\t\t<div class=\"elementor-button-wrapper\">\n\t\t\t\t\t<a class=\"elementor-button elementor-button-link elementor-size-sm\" href=\"https:\/\/www.mobil-interim.fr\/index.php\/cdi-interimaire\/\">\n\t\t\t\t\t\t<span class=\"elementor-button-content-wrapper\">\n\t\t\t\t\t\t<span class=\"elementor-button-icon\">\n\t\t\t\t<i aria-hidden=\"true\" class=\"icon icon-contract\"><\/i>\t\t\t<\/span>\n\t\t\t\t\t\t\t\t\t<span class=\"elementor-button-text\">CDI Int\u00e9rimaire<\/span>\n\t\t\t\t\t<\/span>\n\t\t\t\t\t<\/a>\n\t\t\t\t<\/div>\n\t\t\t\t\t\t\t\t<\/div>\n\t\t\t\t<\/div>\n\t\t\t\t\t<\/div>\n\t\t\t\t<\/div>\n\t\t\t\t\t<\/div>\n\t\t<\/div>\n\t\t\t\t\t<\/div>\n\t\t<\/section>\n\t\t\t\t<\/div>\n\t\t","protected":false},"excerpt":{"rendered":"<p>Contrat int\u00e9rim Contrat int\u00e9rim Choisir l\u2019int\u00e9rim peut offrir plusieurs avantages La flexibilit\u00e9 : Les missions int\u00e9rimaires permettent de choisir quand et o\u00f9 travailler, offrant ainsi une grande souplesse pour adapter son emploi du temps \u00e0 ses besoins personnels. Diversit\u00e9 d&rsquo;exp\u00e9rience : Travailler dans diff\u00e9rents secteurs et entreprises permet d\u2019acqu\u00e9rir une large gamme de comp\u00e9tences et [&hellip;]<\/p>\n","protected":false},"author":1,"featured_media":0,"parent":0,"menu_order":0,"comment_status":"closed","ping_status":"closed","template":"","meta":{"_acf_changed":false,"footnotes":""},"class_list":["post-451","page","type-page","status-publish","hentry"],"acf":[],"yoast_head":"<!-- This site is optimized with the Yoast SEO plugin v27.5 - https:\/\/yoast.com\/product\/yoast-seo-wordpress\/ -->\n<title>Contrat int\u00e9rim - Mobil&#039;Interim<\/title>\n<meta name=\"robots\" content=\"index, follow, max-snippet:-1, max-image-preview:large, max-video-preview:-1\" \/>\n<link rel=\"canonical\" href=\"https:\/\/www.mobil-interim.fr\/index.php\/contrat-interim\/\" \/>\n<meta property=\"og:locale\" content=\"fr_FR\" \/>\n<meta property=\"og:type\" content=\"article\" \/>\n<meta property=\"og:title\" content=\"Contrat int\u00e9rim - Mobil&#039;Interim\" \/>\n<meta property=\"og:description\" content=\"Contrat int\u00e9rim Contrat int\u00e9rim Choisir l\u2019int\u00e9rim peut offrir plusieurs avantages La flexibilit\u00e9 : Les missions int\u00e9rimaires permettent de choisir quand et o\u00f9 travailler, offrant ainsi une grande souplesse pour adapter son emploi du temps \u00e0 ses besoins personnels. Diversit\u00e9 d&rsquo;exp\u00e9rience : Travailler dans diff\u00e9rents secteurs et entreprises permet d\u2019acqu\u00e9rir une large gamme de comp\u00e9tences et [&hellip;]\" \/>\n<meta property=\"og:url\" content=\"https:\/\/www.mobil-interim.fr\/index.php\/contrat-interim\/\" \/>\n<meta property=\"og:site_name\" content=\"Mobil&#039;Interim\" \/>\n<meta property=\"article:modified_time\" content=\"2024-12-19T15:32:28+00:00\" \/>\n<meta property=\"og:image\" content=\"https:\/\/www.mobil-interim.fr\/wp-content\/uploads\/2024\/11\/Mobilinterim-Contrat-de-mission-05.png\" \/>\n\t<meta property=\"og:image:width\" content=\"1165\" \/>\n\t<meta property=\"og:image:height\" content=\"870\" \/>\n\t<meta property=\"og:image:type\" content=\"image\/png\" \/>\n<meta name=\"twitter:card\" content=\"summary_large_image\" \/>\n<meta name=\"twitter:label1\" content=\"Dur\u00e9e de lecture estim\u00e9e\" \/>\n\t<meta name=\"twitter:data1\" content=\"5 minutes\" \/>\n<script type=\"application\/ld+json\" class=\"yoast-schema-graph\">{\"@context\":\"https:\\\/\\\/schema.org\",\"@graph\":[{\"@type\":\"WebPage\",\"@id\":\"https:\\\/\\\/www.mobil-interim.fr\\\/index.php\\\/contrat-interim\\\/\",\"url\":\"https:\\\/\\\/www.mobil-interim.fr\\\/index.php\\\/contrat-interim\\\/\",\"name\":\"Contrat int\u00e9rim - Mobil&#039;Interim\",\"isPartOf\":{\"@id\":\"https:\\\/\\\/www.mobil-interim.fr\\\/#website\"},\"primaryImageOfPage\":{\"@id\":\"https:\\\/\\\/www.mobil-interim.fr\\\/index.php\\\/contrat-interim\\\/#primaryimage\"},\"image\":{\"@id\":\"https:\\\/\\\/www.mobil-interim.fr\\\/index.php\\\/contrat-interim\\\/#primaryimage\"},\"thumbnailUrl\":\"https:\\\/\\\/www.mobil-interim.fr\\\/wp-content\\\/uploads\\\/2024\\\/11\\\/Mobilinterim-Contrat-de-mission-05.png\",\"datePublished\":\"2024-09-03T14:18:14+00:00\",\"dateModified\":\"2024-12-19T15:32:28+00:00\",\"breadcrumb\":{\"@id\":\"https:\\\/\\\/www.mobil-interim.fr\\\/index.php\\\/contrat-interim\\\/#breadcrumb\"},\"inLanguage\":\"fr-FR\",\"potentialAction\":[{\"@type\":\"ReadAction\",\"target\":[\"https:\\\/\\\/www.mobil-interim.fr\\\/index.php\\\/contrat-interim\\\/\"]}]},{\"@type\":\"ImageObject\",\"inLanguage\":\"fr-FR\",\"@id\":\"https:\\\/\\\/www.mobil-interim.fr\\\/index.php\\\/contrat-interim\\\/#primaryimage\",\"url\":\"https:\\\/\\\/www.mobil-interim.fr\\\/wp-content\\\/uploads\\\/2024\\\/11\\\/Mobilinterim-Contrat-de-mission-05.png\",\"contentUrl\":\"https:\\\/\\\/www.mobil-interim.fr\\\/wp-content\\\/uploads\\\/2024\\\/11\\\/Mobilinterim-Contrat-de-mission-05.png\",\"width\":1165,\"height\":870},{\"@type\":\"BreadcrumbList\",\"@id\":\"https:\\\/\\\/www.mobil-interim.fr\\\/index.php\\\/contrat-interim\\\/#breadcrumb\",\"itemListElement\":[{\"@type\":\"ListItem\",\"position\":1,\"name\":\"Accueil\",\"item\":\"https:\\\/\\\/www.mobil-interim.fr\\\/\"},{\"@type\":\"ListItem\",\"position\":2,\"name\":\"Contrat int\u00e9rim\"}]},{\"@type\":\"WebSite\",\"@id\":\"https:\\\/\\\/www.mobil-interim.fr\\\/#website\",\"url\":\"https:\\\/\\\/www.mobil-interim.fr\\\/\",\"name\":\"Mobil&#039;Interim\",\"description\":\"\",\"potentialAction\":[{\"@type\":\"SearchAction\",\"target\":{\"@type\":\"EntryPoint\",\"urlTemplate\":\"https:\\\/\\\/www.mobil-interim.fr\\\/?s={search_term_string}\"},\"query-input\":{\"@type\":\"PropertyValueSpecification\",\"valueRequired\":true,\"valueName\":\"search_term_string\"}}],\"inLanguage\":\"fr-FR\"}]}<\/script>\n<!-- \/ Yoast SEO plugin. -->","yoast_head_json":{"title":"Contrat int\u00e9rim - Mobil&#039;Interim","robots":{"index":"index","follow":"follow","max-snippet":"max-snippet:-1","max-image-preview":"max-image-preview:large","max-video-preview":"max-video-preview:-1"},"canonical":"https:\/\/www.mobil-interim.fr\/index.php\/contrat-interim\/","og_locale":"fr_FR","og_type":"article","og_title":"Contrat int\u00e9rim - Mobil&#039;Interim","og_description":"Contrat int\u00e9rim Contrat int\u00e9rim Choisir l\u2019int\u00e9rim peut offrir plusieurs avantages La flexibilit\u00e9 : Les missions int\u00e9rimaires permettent de choisir quand et o\u00f9 travailler, offrant ainsi une grande souplesse pour adapter son emploi du temps \u00e0 ses besoins personnels. Diversit\u00e9 d&rsquo;exp\u00e9rience : Travailler dans diff\u00e9rents secteurs et entreprises permet d\u2019acqu\u00e9rir une large gamme de comp\u00e9tences et [&hellip;]","og_url":"https:\/\/www.mobil-interim.fr\/index.php\/contrat-interim\/","og_site_name":"Mobil&#039;Interim","article_modified_time":"2024-12-19T15:32:28+00:00","og_image":[{"width":1165,"height":870,"url":"https:\/\/www.mobil-interim.fr\/wp-content\/uploads\/2024\/11\/Mobilinterim-Contrat-de-mission-05.png","type":"image\/png"}],"twitter_card":"summary_large_image","twitter_misc":{"Dur\u00e9e de lecture estim\u00e9e":"5 minutes"},"schema":{"@context":"https:\/\/schema.org","@graph":[{"@type":"WebPage","@id":"https:\/\/www.mobil-interim.fr\/index.php\/contrat-interim\/","url":"https:\/\/www.mobil-interim.fr\/index.php\/contrat-interim\/","name":"Contrat int\u00e9rim - Mobil&#039;Interim","isPartOf":{"@id":"https:\/\/www.mobil-interim.fr\/#website"},"primaryImageOfPage":{"@id":"https:\/\/www.mobil-interim.fr\/index.php\/contrat-interim\/#primaryimage"},"image":{"@id":"https:\/\/www.mobil-interim.fr\/index.php\/contrat-interim\/#primaryimage"},"thumbnailUrl":"https:\/\/www.mobil-interim.fr\/wp-content\/uploads\/2024\/11\/Mobilinterim-Contrat-de-mission-05.png","datePublished":"2024-09-03T14:18:14+00:00","dateModified":"2024-12-19T15:32:28+00:00","breadcrumb":{"@id":"https:\/\/www.mobil-interim.fr\/index.php\/contrat-interim\/#breadcrumb"},"inLanguage":"fr-FR","potentialAction":[{"@type":"ReadAction","target":["https:\/\/www.mobil-interim.fr\/index.php\/contrat-interim\/"]}]},{"@type":"ImageObject","inLanguage":"fr-FR","@id":"https:\/\/www.mobil-interim.fr\/index.php\/contrat-interim\/#primaryimage","url":"https:\/\/www.mobil-interim.fr\/wp-content\/uploads\/2024\/11\/Mobilinterim-Contrat-de-mission-05.png","contentUrl":"https:\/\/www.mobil-interim.fr\/wp-content\/uploads\/2024\/11\/Mobilinterim-Contrat-de-mission-05.png","width":1165,"height":870},{"@type":"BreadcrumbList","@id":"https:\/\/www.mobil-interim.fr\/index.php\/contrat-interim\/#breadcrumb","itemListElement":[{"@type":"ListItem","position":1,"name":"Accueil","item":"https:\/\/www.mobil-interim.fr\/"},{"@type":"ListItem","position":2,"name":"Contrat int\u00e9rim"}]},{"@type":"WebSite","@id":"https:\/\/www.mobil-interim.fr\/#website","url":"https:\/\/www.mobil-interim.fr\/","name":"Mobil&#039;Interim","description":"","potentialAction":[{"@type":"SearchAction","target":{"@type":"EntryPoint","urlTemplate":"https:\/\/www.mobil-interim.fr\/?s={search_term_string}"},"query-input":{"@type":"PropertyValueSpecification","valueRequired":true,"valueName":"search_term_string"}}],"inLanguage":"fr-FR"}]}},"_links":{"self":[{"href":"https:\/\/www.mobil-interim.fr\/index.php\/wp-json\/wp\/v2\/pages\/451","targetHints":{"allow":["GET"]}}],"collection":[{"href":"https:\/\/www.mobil-interim.fr\/index.php\/wp-json\/wp\/v2\/pages"}],"about":[{"href":"https:\/\/www.mobil-interim.fr\/index.php\/wp-json\/wp\/v2\/types\/page"}],"author":[{"embeddable":true,"href":"https:\/\/www.mobil-interim.fr\/index.php\/wp-json\/wp\/v2\/users\/1"}],"replies":[{"embeddable":true,"href":"https:\/\/www.mobil-interim.fr\/index.php\/wp-json\/wp\/v2\/comments?post=451"}],"version-history":[{"count":21,"href":"https:\/\/www.mobil-interim.fr\/index.php\/wp-json\/wp\/v2\/pages\/451\/revisions"}],"predecessor-version":[{"id":2933,"href":"https:\/\/www.mobil-interim.fr\/index.php\/wp-json\/wp\/v2\/pages\/451\/revisions\/2933"}],"wp:attachment":[{"href":"https:\/\/www.mobil-interim.fr\/index.php\/wp-json\/wp\/v2\/media?parent=451"}],"curies":[{"name":"wp","href":"https:\/\/api.w.org\/{rel}","templated":true}]}}