{"id":488,"date":"2024-09-04T08:22:45","date_gmt":"2024-09-04T08:22:45","guid":{"rendered":"https:\/\/mobil.icone-interactive.fr\/?page_id=488"},"modified":"2024-12-19T15:39:08","modified_gmt":"2024-12-19T15:39:08","slug":"contrat-duree-indeterminee","status":"publish","type":"page","link":"https:\/\/www.mobil-interim.fr\/index.php\/contrat-duree-indeterminee\/","title":{"rendered":"Contrat dur\u00e9e ind\u00e9termin\u00e9e"},"content":{"rendered":"\t\t<div data-elementor-type=\"wp-page\" data-elementor-id=\"488\" class=\"elementor elementor-488\" data-elementor-post-type=\"page\">\n\t\t\t\t\t\t<section class=\"elementor-section elementor-top-section elementor-element elementor-element-a68dde6 elementor-section-height-min-height elementor-section-boxed elementor-section-height-default elementor-section-items-middle\" data-id=\"a68dde6\" data-element_type=\"section\" data-e-type=\"section\" data-settings=\"{&quot;background_background&quot;:&quot;classic&quot;}\">\n\t\t\t\t\t\t\t<div class=\"elementor-background-overlay\"><\/div>\n\t\t\t\t\t\t\t<div class=\"elementor-container elementor-column-gap-default\">\n\t\t\t\t\t<div class=\"elementor-column elementor-col-100 elementor-top-column elementor-element elementor-element-7135bce\" data-id=\"7135bce\" data-element_type=\"column\" data-e-type=\"column\">\n\t\t\t<div class=\"elementor-widget-wrap elementor-element-populated\">\n\t\t\t\t\t\t<div class=\"elementor-element elementor-element-d370cc0 elementor-widget elementor-widget-heading\" data-id=\"d370cc0\" data-element_type=\"widget\" data-e-type=\"widget\" data-widget_type=\"heading.default\">\n\t\t\t\t<div class=\"elementor-widget-container\">\n\t\t\t\t\t<h1 class=\"elementor-heading-title elementor-size-default\">Contrat \u00e0 dur\u00e9e ind\u00e9termin\u00e9e<\/h1>\t\t\t\t<\/div>\n\t\t\t\t<\/div>\n\t\t\t\t<div class=\"elementor-element elementor-element-64dbf89 elementor-widget elementor-widget-breadcrumbs\" data-id=\"64dbf89\" data-element_type=\"widget\" data-e-type=\"widget\" data-widget_type=\"breadcrumbs.default\">\n\t\t\t\t<div class=\"elementor-widget-container\">\n\t\t\t\t\t<p id=\"breadcrumbs\"><span><span><a href=\"https:\/\/www.mobil-interim.fr\/\">Accueil<\/a><\/span><\/span><\/p>\t\t\t\t<\/div>\n\t\t\t\t<\/div>\n\t\t\t\t\t<\/div>\n\t\t<\/div>\n\t\t\t\t\t<\/div>\n\t\t<\/section>\n\t\t\t\t<section class=\"elementor-section elementor-top-section elementor-element elementor-element-e3a6083 elementor-section-boxed elementor-section-height-default elementor-section-height-default\" data-id=\"e3a6083\" data-element_type=\"section\" data-e-type=\"section\">\n\t\t\t\t\t\t<div class=\"elementor-container elementor-column-gap-default\">\n\t\t\t\t\t<div class=\"elementor-column elementor-col-50 elementor-top-column elementor-element elementor-element-68f17b2\" data-id=\"68f17b2\" data-element_type=\"column\" data-e-type=\"column\">\n\t\t\t<div class=\"elementor-widget-wrap elementor-element-populated\">\n\t\t\t\t<div class=\"elementor-element elementor-element-4ece28a e-flex e-con-boxed e-con e-parent\" data-id=\"4ece28a\" data-element_type=\"container\" data-e-type=\"container\">\n\t\t\t\t\t<div class=\"e-con-inner\">\n\t\t\t\t<div class=\"elementor-element elementor-element-cbf3007 elementor-widget elementor-widget-heading\" data-id=\"cbf3007\" data-element_type=\"widget\" data-e-type=\"widget\" data-widget_type=\"heading.default\">\n\t\t\t\t<div class=\"elementor-widget-container\">\n\t\t\t\t\t<h6 class=\"elementor-heading-title elementor-size-default\">Contrat \u00e0 dur\u00e9e ind\u00e9termin\u00e9e<\/h6>\t\t\t\t<\/div>\n\t\t\t\t<\/div>\n\t\t\t\t<div class=\"elementor-element elementor-element-db701d3 elementor-widget elementor-widget-elementskit-heading\" data-id=\"db701d3\" data-element_type=\"widget\" data-e-type=\"widget\" data-widget_type=\"elementskit-heading.default\">\n\t\t\t\t<div class=\"elementor-widget-container\">\n\t\t\t\t\t<div class=\"ekit-wid-con\" ><div class=\"ekit-heading elementskit-section-title-wraper text_left   ekit_heading_tablet-   ekit_heading_mobile-\"><h2 class=\"ekit-heading--title elementskit-section-title \">Le <span><span>contrat \u00e0 dur\u00e9e ind\u00e9termin\u00e9e<\/span><\/span><\/h2><\/div><\/div>\t\t\t\t<\/div>\n\t\t\t\t<\/div>\n\t\t\t\t\t<\/div>\n\t\t\t\t<\/div>\n\t\t\t\t<div class=\"elementor-element elementor-element-985dce3 elementor-widget elementor-widget-text-editor\" data-id=\"985dce3\" data-element_type=\"widget\" data-e-type=\"widget\" data-widget_type=\"text-editor.default\">\n\t\t\t\t<div class=\"elementor-widget-container\">\n\t\t\t\t\t\t\t\t\t<p>Le CDI (Contrat \u00e0 Dur\u00e9e Ind\u00e9termin\u00e9e) g\u00e9r\u00e9 par Mobil\u2019interim repr\u00e9sente une solution innovante et efficace pour r\u00e9pondre \u00e0 la demande des entreprises tout en assurant un cadre de travail stable pour les salari\u00e9s. En effet, Mobil\u2019interim proposent des embauches en CDI, tout en continuant \u00e0 jouer le r\u00f4le d&rsquo;interm\u00e9diaire entre les entreprises et les candidats.<\/p>\t\t\t\t\t\t\t\t<\/div>\n\t\t\t\t<\/div>\n\t\t\t\t\t<\/div>\n\t\t<\/div>\n\t\t\t\t<aside class=\"elementor-column elementor-col-50 elementor-top-column elementor-element elementor-element-e61e99d\" data-id=\"e61e99d\" data-element_type=\"column\" data-e-type=\"column\">\n\t\t\t<div class=\"elementor-widget-wrap elementor-element-populated\">\n\t\t\t\t\t\t<section class=\"elementor-section elementor-inner-section elementor-element elementor-element-f6ef7a6 elementor-section-boxed elementor-section-height-default elementor-section-height-default\" data-id=\"f6ef7a6\" data-element_type=\"section\" data-e-type=\"section\">\n\t\t\t\t\t\t<div class=\"elementor-container elementor-column-gap-default\">\n\t\t\t\t\t<div class=\"elementor-column elementor-col-100 elementor-inner-column elementor-element elementor-element-db8adf3\" data-id=\"db8adf3\" data-element_type=\"column\" data-e-type=\"column\" data-settings=\"{&quot;background_background&quot;:&quot;classic&quot;}\">\n\t\t\t<div class=\"elementor-widget-wrap elementor-element-populated\">\n\t\t\t\t\t<div class=\"elementor-background-overlay\"><\/div>\n\t\t\t\t\t\t<div class=\"elementor-element elementor-element-435a50d elementor-widget elementor-widget-heading\" data-id=\"435a50d\" data-element_type=\"widget\" data-e-type=\"widget\" data-widget_type=\"heading.default\">\n\t\t\t\t<div class=\"elementor-widget-container\">\n\t\t\t\t\t<h3 class=\"elementor-heading-title elementor-size-default\">Autres types <br> de contrat<\/h3>\t\t\t\t<\/div>\n\t\t\t\t<\/div>\n\t\t<div class=\"elementor-element elementor-element-0028053 e-grid e-con-full e-con e-parent\" data-id=\"0028053\" data-element_type=\"container\" data-e-type=\"container\">\n\t\t\t\t<div class=\"elementor-element elementor-element-7938447 elementor-align-justify elementor-widget elementor-widget-button\" data-id=\"7938447\" data-element_type=\"widget\" data-e-type=\"widget\" data-widget_type=\"button.default\">\n\t\t\t\t<div class=\"elementor-widget-container\">\n\t\t\t\t\t\t\t\t\t<div class=\"elementor-button-wrapper\">\n\t\t\t\t\t<a class=\"elementor-button elementor-button-link elementor-size-sm\" href=\"https:\/\/www.mobil-interim.fr\/index.php\/contrat-interim\/\">\n\t\t\t\t\t\t<span class=\"elementor-button-content-wrapper\">\n\t\t\t\t\t\t<span class=\"elementor-button-icon\">\n\t\t\t\t<i aria-hidden=\"true\" class=\"icon icon-contract\"><\/i>\t\t\t<\/span>\n\t\t\t\t\t\t\t\t\t<span class=\"elementor-button-text\">Contrat int\u00e9rim<\/span>\n\t\t\t\t\t<\/span>\n\t\t\t\t\t<\/a>\n\t\t\t\t<\/div>\n\t\t\t\t\t\t\t\t<\/div>\n\t\t\t\t<\/div>\n\t\t\t\t<div class=\"elementor-element elementor-element-f6fb771 elementor-align-justify elementor-widget elementor-widget-button\" data-id=\"f6fb771\" data-element_type=\"widget\" data-e-type=\"widget\" data-widget_type=\"button.default\">\n\t\t\t\t<div class=\"elementor-widget-container\">\n\t\t\t\t\t\t\t\t\t<div class=\"elementor-button-wrapper\">\n\t\t\t\t\t<a class=\"elementor-button elementor-button-link elementor-size-sm\" href=\"https:\/\/www.mobil-interim.fr\/index.php\/contrat-duree-determinee\/\">\n\t\t\t\t\t\t<span class=\"elementor-button-content-wrapper\">\n\t\t\t\t\t\t<span class=\"elementor-button-icon\">\n\t\t\t\t<i aria-hidden=\"true\" class=\"icon icon-contract\"><\/i>\t\t\t<\/span>\n\t\t\t\t\t\t\t\t\t<span class=\"elementor-button-text\">Contrat \u00e0 dur\u00e9e d\u00e9termin\u00e9e<\/span>\n\t\t\t\t\t<\/span>\n\t\t\t\t\t<\/a>\n\t\t\t\t<\/div>\n\t\t\t\t\t\t\t\t<\/div>\n\t\t\t\t<\/div>\n\t\t\t\t<div class=\"elementor-element elementor-element-3b378d6 elementor-align-justify elementor-widget elementor-widget-button\" data-id=\"3b378d6\" data-element_type=\"widget\" data-e-type=\"widget\" data-widget_type=\"button.default\">\n\t\t\t\t<div class=\"elementor-widget-container\">\n\t\t\t\t\t\t\t\t\t<div class=\"elementor-button-wrapper\">\n\t\t\t\t\t<a class=\"elementor-button elementor-button-link elementor-size-sm\" href=\"https:\/\/www.mobil-interim.fr\/index.php\/cdi-interimaire\/\">\n\t\t\t\t\t\t<span class=\"elementor-button-content-wrapper\">\n\t\t\t\t\t\t<span class=\"elementor-button-icon\">\n\t\t\t\t<i aria-hidden=\"true\" class=\"icon icon-contract\"><\/i>\t\t\t<\/span>\n\t\t\t\t\t\t\t\t\t<span class=\"elementor-button-text\">CDI Int\u00e9rimaire<\/span>\n\t\t\t\t\t<\/span>\n\t\t\t\t\t<\/a>\n\t\t\t\t<\/div>\n\t\t\t\t\t\t\t\t<\/div>\n\t\t\t\t<\/div>\n\t\t\t\t<\/div>\n\t\t\t\t\t<\/div>\n\t\t<\/div>\n\t\t\t\t\t<\/div>\n\t\t<\/section>\n\t\t\t\t\t<\/div>\n\t\t<\/aside>\n\t\t\t\t\t<\/div>\n\t\t<\/section>\n\t\t\t\t<section class=\"elementor-section elementor-top-section elementor-element elementor-element-008c7b2 elementor-section-boxed elementor-section-height-default elementor-section-height-default\" data-id=\"008c7b2\" data-element_type=\"section\" data-e-type=\"section\">\n\t\t\t\t\t\t<div class=\"elementor-container elementor-column-gap-default\">\n\t\t\t\t\t<div class=\"elementor-column elementor-col-100 elementor-top-column elementor-element elementor-element-d1d2a02\" data-id=\"d1d2a02\" data-element_type=\"column\" data-e-type=\"column\">\n\t\t\t<div class=\"elementor-widget-wrap elementor-element-populated\">\n\t\t\t\t\t\t<div class=\"elementor-element elementor-element-9a32af5 elementor-widget elementor-widget-elementskit-heading\" data-id=\"9a32af5\" data-element_type=\"widget\" data-e-type=\"widget\" data-widget_type=\"elementskit-heading.default\">\n\t\t\t\t<div class=\"elementor-widget-container\">\n\t\t\t\t\t<div class=\"ekit-wid-con\" ><div class=\"ekit-heading elementskit-section-title-wraper text_left   ekit_heading_tablet-   ekit_heading_mobile-\"><h2 class=\"ekit-heading--title elementskit-section-title \">Pourquoi choisir un <span><span>CDI g\u00e9r\u00e9 par Mobil'interim<\/span><\/span> ?<\/h2><\/div><\/div>\t\t\t\t<\/div>\n\t\t\t\t<\/div>\n\t\t\t\t<section class=\"elementor-section elementor-inner-section elementor-element elementor-element-8630965 elementor-section-full_width elementor-section-height-default elementor-section-height-default\" data-id=\"8630965\" data-element_type=\"section\" data-e-type=\"section\">\n\t\t\t\t\t\t<div class=\"elementor-container elementor-column-gap-custom\">\n\t\t\t\t\t<div class=\"elementor-column elementor-col-50 elementor-inner-column elementor-element elementor-element-3e81db1\" data-id=\"3e81db1\" data-element_type=\"column\" data-e-type=\"column\">\n\t\t\t<div class=\"elementor-widget-wrap elementor-element-populated\">\n\t\t\t\t\t\t<div class=\"elementor-element elementor-element-c975ef2 elementor-widget elementor-widget-video\" data-id=\"c975ef2\" data-element_type=\"widget\" data-e-type=\"widget\" data-settings=\"{&quot;youtube_url&quot;:&quot;https:\\\/\\\/www.youtu.be\\\/qpPqXK1wpHk&quot;,&quot;autoplay&quot;:&quot;yes&quot;,&quot;play_on_mobile&quot;:&quot;yes&quot;,&quot;loop&quot;:&quot;yes&quot;,&quot;video_type&quot;:&quot;youtube&quot;,&quot;controls&quot;:&quot;yes&quot;}\" data-widget_type=\"video.default\">\n\t\t\t\t<div class=\"elementor-widget-container\">\n\t\t\t\t\t\t\t<div class=\"elementor-wrapper elementor-open-inline\">\n\t\t\t<div class=\"elementor-video\"><\/div>\t\t<\/div>\n\t\t\t\t\t\t<\/div>\n\t\t\t\t<\/div>\n\t\t\t\t\t<\/div>\n\t\t<\/div>\n\t\t\t\t<div class=\"elementor-column elementor-col-50 elementor-inner-column elementor-element elementor-element-d9d85b3\" data-id=\"d9d85b3\" data-element_type=\"column\" data-e-type=\"column\">\n\t\t\t<div class=\"elementor-widget-wrap elementor-element-populated\">\n\t\t\t\t\t\t<div class=\"elementor-element elementor-element-1af92b3 elementor-widget elementor-widget-elementskit-heading\" data-id=\"1af92b3\" data-element_type=\"widget\" data-e-type=\"widget\" data-widget_type=\"elementskit-heading.default\">\n\t\t\t\t<div class=\"elementor-widget-container\">\n\t\t\t\t\t<div class=\"ekit-wid-con\" ><div class=\"ekit-heading elementskit-section-title-wraper text_left   ekit_heading_tablet-   ekit_heading_mobile-\"><h2 class=\"ekit-heading--title elementskit-section-title \">S\u00e9curit\u00e9 de l'emploi et <span><span>avantages du CDI<\/span><\/span><\/h2><\/div><\/div>\t\t\t\t<\/div>\n\t\t\t\t<\/div>\n\t\t\t\t<div class=\"elementor-element elementor-element-487a51d elementor-widget elementor-widget-text-editor\" data-id=\"487a51d\" data-element_type=\"widget\" data-e-type=\"widget\" data-widget_type=\"text-editor.default\">\n\t\t\t\t<div class=\"elementor-widget-container\">\n\t\t\t\t\t\t\t\t\t<p>En optant pour un CDI propos\u00e9 par Mobil\u2019interim, le salari\u00e9 b\u00e9n\u00e9ficie de la s\u00e9curit\u00e9 qu&rsquo;offre un contrat \u00e0 dur\u00e9e ind\u00e9termin\u00e9e, avec tous les avantages qui en d\u00e9coulent: cong\u00e9s pay\u00e9s, mutuelle, primes, ainsi que la stabilit\u00e9 financi\u00e8re. Il conserve les avantages d\u2019un CDI classique tout en profitant du suivi personnalis\u00e9 d\u2019une agence d\u2019int\u00e9rim.<\/p>\t\t\t\t\t\t\t\t<\/div>\n\t\t\t\t<\/div>\n\t\t\t\t\t<\/div>\n\t\t<\/div>\n\t\t\t\t\t<\/div>\n\t\t<\/section>\n\t\t\t\t<section class=\"elementor-section elementor-inner-section elementor-element elementor-element-9718706 elementor-section-boxed elementor-section-height-default elementor-section-height-default\" data-id=\"9718706\" data-element_type=\"section\" data-e-type=\"section\">\n\t\t\t\t\t\t<div class=\"elementor-container elementor-column-gap-no\">\n\t\t\t\t\t<div class=\"elementor-column elementor-col-100 elementor-inner-column elementor-element elementor-element-fd9755e\" data-id=\"fd9755e\" data-element_type=\"column\" data-e-type=\"column\">\n\t\t\t<div class=\"elementor-widget-wrap elementor-element-populated\">\n\t\t\t\t\t\t<div class=\"elementor-element elementor-element-fbc82fc elementor-widget elementor-widget-elementskit-heading\" data-id=\"fbc82fc\" data-element_type=\"widget\" data-e-type=\"widget\" data-widget_type=\"elementskit-heading.default\">\n\t\t\t\t<div class=\"elementor-widget-container\">\n\t\t\t\t\t<div class=\"ekit-wid-con\" ><div class=\"ekit-heading elementskit-section-title-wraper text_left   ekit_heading_tablet-   ekit_heading_mobile-\"><h2 class=\"ekit-heading--title elementskit-section-title \">Un <span><span>accompagnement personnalis\u00e9<\/span><\/span><\/h2><\/div><\/div>\t\t\t\t<\/div>\n\t\t\t\t<\/div>\n\t\t\t\t<div class=\"elementor-element elementor-element-d7f7b9a elementor-widget elementor-widget-text-editor\" data-id=\"d7f7b9a\" data-element_type=\"widget\" data-e-type=\"widget\" data-widget_type=\"text-editor.default\">\n\t\t\t\t<div class=\"elementor-widget-container\">\n\t\t\t\t\t\t\t\t\t<p>Mobil\u2019interim ne se contente pas de recruter le salari\u00e9 en CDI, elle l&rsquo;accompagne tout au long de son parcours professionnel. Elle propose des formations, veille \u00e0 la bonne int\u00e9gration dans les entreprises et s&rsquo;assure que les missions confi\u00e9es sont en ad\u00e9quation avec les comp\u00e9tences et aspirations du salari\u00e9.<\/p>\t\t\t\t\t\t\t\t<\/div>\n\t\t\t\t<\/div>\n\t\t\t\t\t<\/div>\n\t\t<\/div>\n\t\t\t\t\t<\/div>\n\t\t<\/section>\n\t\t\t\t<section class=\"elementor-section elementor-inner-section elementor-element elementor-element-48ca4ef elementor-section-boxed elementor-section-height-default elementor-section-height-default\" data-id=\"48ca4ef\" data-element_type=\"section\" data-e-type=\"section\">\n\t\t\t\t\t\t<div class=\"elementor-container elementor-column-gap-no\">\n\t\t\t\t\t<div class=\"elementor-column elementor-col-50 elementor-inner-column elementor-element elementor-element-7deff31\" data-id=\"7deff31\" data-element_type=\"column\" data-e-type=\"column\">\n\t\t\t<div class=\"elementor-widget-wrap elementor-element-populated\">\n\t\t\t\t\t\t<div class=\"elementor-element elementor-element-193f67c elementor-widget elementor-widget-elementskit-heading\" data-id=\"193f67c\" data-element_type=\"widget\" data-e-type=\"widget\" data-widget_type=\"elementskit-heading.default\">\n\t\t\t\t<div class=\"elementor-widget-container\">\n\t\t\t\t\t<div class=\"ekit-wid-con\" ><div class=\"ekit-heading elementskit-section-title-wraper text_left   ekit_heading_tablet-   ekit_heading_mobile-\"><h2 class=\"ekit-heading--title elementskit-section-title \">Souplesse <span><span>pour les entreprises<\/span><\/span><\/h2><\/div><\/div>\t\t\t\t<\/div>\n\t\t\t\t<\/div>\n\t\t\t\t<div class=\"elementor-element elementor-element-f6ac712 elementor-widget elementor-widget-text-editor\" data-id=\"f6ac712\" data-element_type=\"widget\" data-e-type=\"widget\" data-widget_type=\"text-editor.default\">\n\t\t\t\t<div class=\"elementor-widget-container\">\n\t\t\t\t\t\t\t\t\t<p>Pour les employeurs, faire appel \u00e0 Mobil\u2019interim pour recruter des salari\u00e9s en CDI permet de simplifier les processus administratifs et de gestion des ressources humaines. L\u2019agence prend en charge le recrutement, le suivi et les aspects administratifs, permettant ainsi \u00e0 l\u2019entreprise de se concentrer sur son c\u0153ur de m\u00e9tier.<\/p>\t\t\t\t\t\t\t\t<\/div>\n\t\t\t\t<\/div>\n\t\t\t\t\t<\/div>\n\t\t<\/div>\n\t\t\t\t<div class=\"elementor-column elementor-col-50 elementor-inner-column elementor-element elementor-element-7503b57\" data-id=\"7503b57\" data-element_type=\"column\" data-e-type=\"column\">\n\t\t\t<div class=\"elementor-widget-wrap elementor-element-populated\">\n\t\t\t\t\t\t<div class=\"elementor-element elementor-element-83f1137 elementor-widget elementor-widget-image\" data-id=\"83f1137\" data-element_type=\"widget\" data-e-type=\"widget\" data-widget_type=\"image.default\">\n\t\t\t\t<div class=\"elementor-widget-container\">\n\t\t\t\t\t\t\t\t\t\t\t\t\t\t\t<img fetchpriority=\"high\" decoding=\"async\" width=\"1000\" height=\"564\" src=\"https:\/\/www.mobil-interim.fr\/wp-content\/uploads\/2024\/09\/l-interim-comment-ca-fonctionne.png\" class=\"attachment-full size-full wp-image-364\" alt=\"\" srcset=\"https:\/\/www.mobil-interim.fr\/wp-content\/uploads\/2024\/09\/l-interim-comment-ca-fonctionne.png 1000w, https:\/\/www.mobil-interim.fr\/wp-content\/uploads\/2024\/09\/l-interim-comment-ca-fonctionne-300x169.png 300w, https:\/\/www.mobil-interim.fr\/wp-content\/uploads\/2024\/09\/l-interim-comment-ca-fonctionne-768x433.png 768w\" sizes=\"(max-width: 1000px) 100vw, 1000px\" \/>\t\t\t\t\t\t\t\t\t\t\t\t\t\t\t<\/div>\n\t\t\t\t<\/div>\n\t\t\t\t\t<\/div>\n\t\t<\/div>\n\t\t\t\t\t<\/div>\n\t\t<\/section>\n\t\t\t\t\t<\/div>\n\t\t<\/div>\n\t\t\t\t\t<\/div>\n\t\t<\/section>\n\t\t\t\t<\/div>\n\t\t","protected":false},"excerpt":{"rendered":"<p>Contrat \u00e0 dur\u00e9e ind\u00e9termin\u00e9e Contrat \u00e0 dur\u00e9e ind\u00e9termin\u00e9e Le contrat \u00e0 dur\u00e9e ind\u00e9termin\u00e9e Le CDI (Contrat \u00e0 Dur\u00e9e Ind\u00e9termin\u00e9e) g\u00e9r\u00e9 par Mobil\u2019interim repr\u00e9sente une solution innovante et efficace pour r\u00e9pondre \u00e0 la demande des entreprises tout en assurant un cadre de travail stable pour les salari\u00e9s. En effet, Mobil\u2019interim proposent des embauches en CDI, tout [&hellip;]<\/p>\n","protected":false},"author":1,"featured_media":0,"parent":0,"menu_order":0,"comment_status":"closed","ping_status":"closed","template":"","meta":{"_acf_changed":false,"footnotes":""},"class_list":["post-488","page","type-page","status-publish","hentry"],"acf":[],"yoast_head":"<!-- This site is optimized with the Yoast SEO plugin v27.5 - https:\/\/yoast.com\/product\/yoast-seo-wordpress\/ -->\n<title>Contrat dur\u00e9e ind\u00e9termin\u00e9e - Mobil&#039;Interim<\/title>\n<meta name=\"robots\" content=\"index, follow, max-snippet:-1, max-image-preview:large, max-video-preview:-1\" \/>\n<link rel=\"canonical\" href=\"https:\/\/www.mobil-interim.fr\/index.php\/contrat-duree-indeterminee\/\" \/>\n<meta property=\"og:locale\" content=\"fr_FR\" \/>\n<meta property=\"og:type\" content=\"article\" \/>\n<meta property=\"og:title\" content=\"Contrat dur\u00e9e ind\u00e9termin\u00e9e - Mobil&#039;Interim\" \/>\n<meta property=\"og:description\" content=\"Contrat \u00e0 dur\u00e9e ind\u00e9termin\u00e9e Contrat \u00e0 dur\u00e9e ind\u00e9termin\u00e9e Le contrat \u00e0 dur\u00e9e ind\u00e9termin\u00e9e Le CDI (Contrat \u00e0 Dur\u00e9e Ind\u00e9termin\u00e9e) g\u00e9r\u00e9 par Mobil\u2019interim repr\u00e9sente une solution innovante et efficace pour r\u00e9pondre \u00e0 la demande des entreprises tout en assurant un cadre de travail stable pour les salari\u00e9s. En effet, Mobil\u2019interim proposent des embauches en CDI, tout [&hellip;]\" \/>\n<meta property=\"og:url\" content=\"https:\/\/www.mobil-interim.fr\/index.php\/contrat-duree-indeterminee\/\" \/>\n<meta property=\"og:site_name\" content=\"Mobil&#039;Interim\" \/>\n<meta property=\"article:modified_time\" content=\"2024-12-19T15:39:08+00:00\" \/>\n<meta property=\"og:image\" content=\"https:\/\/www.mobil-interim.fr\/wp-content\/uploads\/2024\/09\/l-interim-comment-ca-fonctionne.png\" \/>\n\t<meta property=\"og:image:width\" content=\"1000\" \/>\n\t<meta property=\"og:image:height\" content=\"564\" \/>\n\t<meta property=\"og:image:type\" content=\"image\/png\" \/>\n<meta name=\"twitter:card\" content=\"summary_large_image\" \/>\n<meta name=\"twitter:label1\" content=\"Dur\u00e9e de lecture estim\u00e9e\" \/>\n\t<meta name=\"twitter:data1\" content=\"2 minutes\" \/>\n<script type=\"application\/ld+json\" class=\"yoast-schema-graph\">{\"@context\":\"https:\\\/\\\/schema.org\",\"@graph\":[{\"@type\":\"WebPage\",\"@id\":\"https:\\\/\\\/www.mobil-interim.fr\\\/index.php\\\/contrat-duree-indeterminee\\\/\",\"url\":\"https:\\\/\\\/www.mobil-interim.fr\\\/index.php\\\/contrat-duree-indeterminee\\\/\",\"name\":\"Contrat dur\u00e9e ind\u00e9termin\u00e9e - Mobil&#039;Interim\",\"isPartOf\":{\"@id\":\"https:\\\/\\\/www.mobil-interim.fr\\\/#website\"},\"primaryImageOfPage\":{\"@id\":\"https:\\\/\\\/www.mobil-interim.fr\\\/index.php\\\/contrat-duree-indeterminee\\\/#primaryimage\"},\"image\":{\"@id\":\"https:\\\/\\\/www.mobil-interim.fr\\\/index.php\\\/contrat-duree-indeterminee\\\/#primaryimage\"},\"thumbnailUrl\":\"https:\\\/\\\/www.mobil-interim.fr\\\/wp-content\\\/uploads\\\/2024\\\/09\\\/l-interim-comment-ca-fonctionne.png\",\"datePublished\":\"2024-09-04T08:22:45+00:00\",\"dateModified\":\"2024-12-19T15:39:08+00:00\",\"breadcrumb\":{\"@id\":\"https:\\\/\\\/www.mobil-interim.fr\\\/index.php\\\/contrat-duree-indeterminee\\\/#breadcrumb\"},\"inLanguage\":\"fr-FR\",\"potentialAction\":[{\"@type\":\"ReadAction\",\"target\":[\"https:\\\/\\\/www.mobil-interim.fr\\\/index.php\\\/contrat-duree-indeterminee\\\/\"]}]},{\"@type\":\"ImageObject\",\"inLanguage\":\"fr-FR\",\"@id\":\"https:\\\/\\\/www.mobil-interim.fr\\\/index.php\\\/contrat-duree-indeterminee\\\/#primaryimage\",\"url\":\"https:\\\/\\\/www.mobil-interim.fr\\\/wp-content\\\/uploads\\\/2024\\\/09\\\/l-interim-comment-ca-fonctionne.png\",\"contentUrl\":\"https:\\\/\\\/www.mobil-interim.fr\\\/wp-content\\\/uploads\\\/2024\\\/09\\\/l-interim-comment-ca-fonctionne.png\",\"width\":1000,\"height\":564},{\"@type\":\"BreadcrumbList\",\"@id\":\"https:\\\/\\\/www.mobil-interim.fr\\\/index.php\\\/contrat-duree-indeterminee\\\/#breadcrumb\",\"itemListElement\":[{\"@type\":\"ListItem\",\"position\":1,\"name\":\"Accueil\",\"item\":\"https:\\\/\\\/www.mobil-interim.fr\\\/\"},{\"@type\":\"ListItem\",\"position\":2,\"name\":\"Contrat dur\u00e9e ind\u00e9termin\u00e9e\"}]},{\"@type\":\"WebSite\",\"@id\":\"https:\\\/\\\/www.mobil-interim.fr\\\/#website\",\"url\":\"https:\\\/\\\/www.mobil-interim.fr\\\/\",\"name\":\"Mobil&#039;Interim\",\"description\":\"\",\"potentialAction\":[{\"@type\":\"SearchAction\",\"target\":{\"@type\":\"EntryPoint\",\"urlTemplate\":\"https:\\\/\\\/www.mobil-interim.fr\\\/?s={search_term_string}\"},\"query-input\":{\"@type\":\"PropertyValueSpecification\",\"valueRequired\":true,\"valueName\":\"search_term_string\"}}],\"inLanguage\":\"fr-FR\"}]}<\/script>\n<!-- \/ Yoast SEO plugin. -->","yoast_head_json":{"title":"Contrat dur\u00e9e ind\u00e9termin\u00e9e - Mobil&#039;Interim","robots":{"index":"index","follow":"follow","max-snippet":"max-snippet:-1","max-image-preview":"max-image-preview:large","max-video-preview":"max-video-preview:-1"},"canonical":"https:\/\/www.mobil-interim.fr\/index.php\/contrat-duree-indeterminee\/","og_locale":"fr_FR","og_type":"article","og_title":"Contrat dur\u00e9e ind\u00e9termin\u00e9e - Mobil&#039;Interim","og_description":"Contrat \u00e0 dur\u00e9e ind\u00e9termin\u00e9e Contrat \u00e0 dur\u00e9e ind\u00e9termin\u00e9e Le contrat \u00e0 dur\u00e9e ind\u00e9termin\u00e9e Le CDI (Contrat \u00e0 Dur\u00e9e Ind\u00e9termin\u00e9e) g\u00e9r\u00e9 par Mobil\u2019interim repr\u00e9sente une solution innovante et efficace pour r\u00e9pondre \u00e0 la demande des entreprises tout en assurant un cadre de travail stable pour les salari\u00e9s. En effet, Mobil\u2019interim proposent des embauches en CDI, tout [&hellip;]","og_url":"https:\/\/www.mobil-interim.fr\/index.php\/contrat-duree-indeterminee\/","og_site_name":"Mobil&#039;Interim","article_modified_time":"2024-12-19T15:39:08+00:00","og_image":[{"width":1000,"height":564,"url":"https:\/\/www.mobil-interim.fr\/wp-content\/uploads\/2024\/09\/l-interim-comment-ca-fonctionne.png","type":"image\/png"}],"twitter_card":"summary_large_image","twitter_misc":{"Dur\u00e9e de lecture estim\u00e9e":"2 minutes"},"schema":{"@context":"https:\/\/schema.org","@graph":[{"@type":"WebPage","@id":"https:\/\/www.mobil-interim.fr\/index.php\/contrat-duree-indeterminee\/","url":"https:\/\/www.mobil-interim.fr\/index.php\/contrat-duree-indeterminee\/","name":"Contrat dur\u00e9e ind\u00e9termin\u00e9e - Mobil&#039;Interim","isPartOf":{"@id":"https:\/\/www.mobil-interim.fr\/#website"},"primaryImageOfPage":{"@id":"https:\/\/www.mobil-interim.fr\/index.php\/contrat-duree-indeterminee\/#primaryimage"},"image":{"@id":"https:\/\/www.mobil-interim.fr\/index.php\/contrat-duree-indeterminee\/#primaryimage"},"thumbnailUrl":"https:\/\/www.mobil-interim.fr\/wp-content\/uploads\/2024\/09\/l-interim-comment-ca-fonctionne.png","datePublished":"2024-09-04T08:22:45+00:00","dateModified":"2024-12-19T15:39:08+00:00","breadcrumb":{"@id":"https:\/\/www.mobil-interim.fr\/index.php\/contrat-duree-indeterminee\/#breadcrumb"},"inLanguage":"fr-FR","potentialAction":[{"@type":"ReadAction","target":["https:\/\/www.mobil-interim.fr\/index.php\/contrat-duree-indeterminee\/"]}]},{"@type":"ImageObject","inLanguage":"fr-FR","@id":"https:\/\/www.mobil-interim.fr\/index.php\/contrat-duree-indeterminee\/#primaryimage","url":"https:\/\/www.mobil-interim.fr\/wp-content\/uploads\/2024\/09\/l-interim-comment-ca-fonctionne.png","contentUrl":"https:\/\/www.mobil-interim.fr\/wp-content\/uploads\/2024\/09\/l-interim-comment-ca-fonctionne.png","width":1000,"height":564},{"@type":"BreadcrumbList","@id":"https:\/\/www.mobil-interim.fr\/index.php\/contrat-duree-indeterminee\/#breadcrumb","itemListElement":[{"@type":"ListItem","position":1,"name":"Accueil","item":"https:\/\/www.mobil-interim.fr\/"},{"@type":"ListItem","position":2,"name":"Contrat dur\u00e9e ind\u00e9termin\u00e9e"}]},{"@type":"WebSite","@id":"https:\/\/www.mobil-interim.fr\/#website","url":"https:\/\/www.mobil-interim.fr\/","name":"Mobil&#039;Interim","description":"","potentialAction":[{"@type":"SearchAction","target":{"@type":"EntryPoint","urlTemplate":"https:\/\/www.mobil-interim.fr\/?s={search_term_string}"},"query-input":{"@type":"PropertyValueSpecification","valueRequired":true,"valueName":"search_term_string"}}],"inLanguage":"fr-FR"}]}},"_links":{"self":[{"href":"https:\/\/www.mobil-interim.fr\/index.php\/wp-json\/wp\/v2\/pages\/488","targetHints":{"allow":["GET"]}}],"collection":[{"href":"https:\/\/www.mobil-interim.fr\/index.php\/wp-json\/wp\/v2\/pages"}],"about":[{"href":"https:\/\/www.mobil-interim.fr\/index.php\/wp-json\/wp\/v2\/types\/page"}],"author":[{"embeddable":true,"href":"https:\/\/www.mobil-interim.fr\/index.php\/wp-json\/wp\/v2\/users\/1"}],"replies":[{"embeddable":true,"href":"https:\/\/www.mobil-interim.fr\/index.php\/wp-json\/wp\/v2\/comments?post=488"}],"version-history":[{"count":9,"href":"https:\/\/www.mobil-interim.fr\/index.php\/wp-json\/wp\/v2\/pages\/488\/revisions"}],"predecessor-version":[{"id":2939,"href":"https:\/\/www.mobil-interim.fr\/index.php\/wp-json\/wp\/v2\/pages\/488\/revisions\/2939"}],"wp:attachment":[{"href":"https:\/\/www.mobil-interim.fr\/index.php\/wp-json\/wp\/v2\/media?parent=488"}],"curies":[{"name":"wp","href":"https:\/\/api.w.org\/{rel}","templated":true}]}}